{"id":14113,"date":"2022-10-06T09:25:47","date_gmt":"2022-10-06T07:25:47","guid":{"rendered":"https:\/\/miramare.cultura.gov.it\/massimiliano-d-asburgo\/"},"modified":"2023-03-01T12:57:31","modified_gmt":"2023-03-01T11:57:31","slug":"maximilian-von-habsburg","status":"publish","type":"page","link":"https:\/\/miramare.cultura.gov.it\/de\/maximilian-von-habsburg\/","title":{"rendered":"Maximilian von Habsburg"},"content":{"rendered":"<p>[et_pb_section fb_built=&#8220;1&#8243; module_class=&#8220;inner-page-banner&#8220; _builder_version=&#8220;4.18.0&#8243; _module_preset=&#8220;default&#8220; background_image=&#8220;https:\/\/miramare.cultura.gov.it\/wp-content\/uploads\/2022\/10\/massimiliano-d-asburgo-castello-miramare-trieste.jpg&#8220; min_height=&#8220;100vh&#8220; locked=&#8220;off&#8220; global_colors_info=&#8220;{}&#8220;][et_pb_row _builder_version=&#8220;4.17.6&#8243; _module_preset=&#8220;default&#8220; global_colors_info=&#8220;{}&#8220;][et_pb_column type=&#8220;4_4&#8243; _builder_version=&#8220;4.17.6&#8243; _module_preset=&#8220;default&#8220; global_colors_info=&#8220;{}&#8220;][et_pb_text _builder_version=&#8220;4.19.0&#8243; _module_preset=&#8220;default&#8220; text_text_color=&#8220;#FFFFFF&#8220; header_text_color=&#8220;#FFFFFF&#8220; text_orientation=&#8220;right&#8220; hover_enabled=&#8220;0&#8243; text_orientation_tablet=&#8220;center&#8220; text_orientation_phone=&#8220;center&#8220; text_orientation_last_edited=&#8220;on|tablet&#8220; custom_css_main_element=&#8220;color:#fff;&#8220; global_colors_info=&#8220;{}&#8220; sticky_enabled=&#8220;0&#8243;]<\/p>\n<h2>Maximilian<br \/>\nvon Habsburg<\/h2>\n<p>[\/et_pb_text][\/et_pb_column][\/et_pb_row][\/et_pb_section][et_pb_section fb_built=&#8220;1&#8243; _builder_version=&#8220;4.18.0&#8243; _module_preset=&#8220;default&#8220; global_colors_info=&#8220;{}&#8220;][et_pb_row column_structure=&#8220;3_5,2_5&#8243; _builder_version=&#8220;4.18.0&#8243; _module_preset=&#8220;default&#8220; global_colors_info=&#8220;{}&#8220;][et_pb_column type=&#8220;3_5&#8243; _builder_version=&#8220;4.18.0&#8243; _module_preset=&#8220;default&#8220; global_colors_info=&#8220;{}&#8220;][et_pb_text _builder_version=&#8220;4.19.0&#8243; _module_preset=&#8220;default&#8220; hover_enabled=&#8220;0&#8243; global_colors_info=&#8220;{}&#8220; sticky_enabled=&#8220;0&#8243;]Am 6. Juli 1832 wurde in Schloss Sch\u00f6nbrunn bei Wien Ferdinand Maximilian von Habsburg-Lothringen, Erzherzog von \u00d6sterreich und Kaiserlicher Prinz, als zweiter Sohn des Erzherzogs Franz Karl und der Erzherzogin Sophie, Prinzessin von Wittelsbach, geboren. Zwei Jahre vor ihm war sein Bruder Franz-Joseph auf die Welt gekommen.<br \/>\nDa er sich f\u00fcr die Seefahrt und Erkundung ferner L\u00e4nder interessierte, schiffte sich Maximilian am 2. September 1850 mit seinem j\u00fcngeren Bruder Karl-Ludwig in Triest ein, um eine erste Reise anzutreten, die sie nach Griechenland, in die T\u00fcrkei und nach Dalmatien f\u00fchrte.<br \/>\nNach seiner R\u00fcckkehr am 26. Oktober 1850 meldete er sich bei der \u00d6sterreichischen Marine und zeigte sich bereits bei seinem ersten Einsatz im Jahre 1851 als moderner, offener und pr\u00e4ziser Seefahrer, so dass er innerhalb kurzer Zeit zum Unteroffizier bef\u00f6rdert und 1853 zum Korvettenkapit\u00e4n und Kommandanten des Schiffs Minerva ernannt wurde.<\/p>\n<p>Am 27.Februar 1853 beschloss er, eine Kirche in Wien (Votivkirche) als Votivgabe f\u00fcr das gescheiterte Attentat von Johann Libenyi gegen Franz-Joseph errichten zu lassen.<\/p>\n<p>Er f\u00fchrte eine umfassende Neuorganisation und Modernisierung der Flotte durch und wurde am 10. September 1854 zum Konteradmiral und Kommandanten der \u00d6sterreichischen Marine ernannt.<\/p>\n<p>Einige Jahre sp\u00e4ter, am 28. Februar 1857, ernannte ihn Kaiser Franz-Joseph zum Generalgouverneur des K\u00f6nigreichs Lombardo-Venetien. Ein Versuch, die italienische Bev\u00f6lkerung nach den Unruhen des Jahres 1848 erneut mit den habsburgischen Herrschern zu vers\u00f6hnen.<\/p>\n<p>Auf einem Hofball in Belgien lernte Maximilian Charlotte kennen, mit der er sich am 27. Juli 1857 in Br\u00fcssel verm\u00e4hlte.<\/p>\n<p>Am 20. April 1859 legte er das Amt des Gouverneurs von Lombardo-Venetien nieder und zog nach Triest. Hier nahm er bald das Projekt des Schlosses Miramare in Angriff, in dem sich sein offener und vielseitiger Charakter und seine zahlreichen Interessen widerspiegeln.<\/p>\n<p>Im November 1859 trat er eine Reise nach Brasilien an und erwarb die dalmatische Insel Lokrum bei Dubrovnik mit der Absicht, die dortige Abtei zu renovieren.<\/p>\n<p>1863 empfing er auf dem Schloss Miramare eine Abordnung mexikanischer Prominenzen unter der F\u00fchrung von Guti\u00e9rrez de Estrada, die ihm auf Initiative Napoleons III. die mexikanische Krone anboten. So bestieg er als Maximilian I. von Mexiko den Thron des Landes.<\/p>\n<p>Am 9. April 1864 verzichtete Maximilian vor Franz-Joseph auf alle Erbrechte des Hauses Habsburg. Einige Tage sp\u00e4ter verlie\u00df er gemeinsam mit Charlotte das Schloss Miramare in Richtung Mexiko, wo er am 28. Mai eintraf. Er fand ein vom B\u00fcrgerkrieg zerr\u00fcttetes Land vor, das sich in einer weitaus schwierigeren politischen Situation befand, als er erwartet hatte.<\/p>\n<p>Nach dem Abzug der franz\u00f6sischen Truppen wurde Maximilian im Juni 1867 von den Republikanern unter Benito Ju\u00e0rez gefangen genommen. Am 19. Juni, im Alter von nicht einmal 35 Jahren, wurde er per Erschie\u00dfung hingerichtet.<br \/>\nAm 18. Januar 1868 legte das Schiff Novara mit der Leiche Maximilians in Triest an, um anschlie\u00dfend in Wien in der Kapuzinergruft beigesetzt zu werden.[\/et_pb_text][\/et_pb_column][et_pb_column type=&#8220;2_5&#8243; _builder_version=&#8220;4.18.0&#8243; _module_preset=&#8220;default&#8220; global_colors_info=&#8220;{}&#8220;][et_pb_image src=&#8220;https:\/\/miramare.cultura.gov.it\/wp-content\/uploads\/2022\/10\/massimilano-asburgo-miramare.jpg&#8220; alt=&#8220;massimilano-asburgo-miramare&#8220; title_text=&#8220;massimilano-asburgo-miramare&#8220; _builder_version=&#8220;4.18.0&#8243; _module_preset=&#8220;default&#8220; global_colors_info=&#8220;{}&#8220;][\/et_pb_image][\/et_pb_column][\/et_pb_row][\/et_pb_section][et_pb_section fb_built=&#8220;1&#8243; module_class=&#8220;et_mouse_over_section&#8220; _builder_version=&#8220;4.17.6&#8243; _module_preset=&#8220;default&#8220; saved_tabs=&#8220;all&#8220; global_colors_info=&#8220;{}&#8220; global_module=&#8220;14094&#8243; theme_builder_area=&#8220;post_content&#8220;][et_pb_row column_structure=&#8220;2_3,1_3&#8243; make_equal=&#8220;on&#8220; _builder_version=&#8220;4.17.6&#8243; _module_preset=&#8220;default&#8220; global_colors_info=&#8220;{}&#8220; theme_builder_area=&#8220;post_content&#8220;][et_pb_column type=&#8220;2_3&#8243; module_class=&#8220;image_hover_grid_column&#8220; _builder_version=&#8220;4.17.6&#8243; _module_preset=&#8220;default&#8220; global_colors_info=&#8220;{}&#8220; theme_builder_area=&#8220;post_content&#8220;][et_pb_blurb title=&#8220;PERCORRI<br \/>LA STORIA&#8220; url=&#8220;#&#8220; url_new_window=&#8220;on&#8220; image=&#8220;https:\/\/miramare.cultura.gov.it\/wp-content\/uploads\/2022\/08\/img_19.jpg&#8220; disabled_on=&#8220;on|on|on&#8220; admin_label=&#8220;PERCORRI LA STORIA&#8220; module_class=&#8220;blurb_hover_img_01&#8243; _builder_version=&#8220;4.18.0&#8243; _module_preset=&#8220;default&#8220; animation=&#8220;off&#8220; link_option_url=&#8220;#&#8220; link_option_url_new_window=&#8220;on&#8220; disabled=&#8220;on&#8220; global_colors_info=&#8220;{}&#8220; theme_builder_area=&#8220;post_content&#8220;][\/et_pb_blurb][et_pb_blurb title=&#8220;IL CASTELLO&#8220; url=&#8220;\/il-castello#storia&#8220; image=&#8220;https:\/\/miramare.cultura.gov.it\/wp-content\/uploads\/2022\/08\/img_25.jpg&#8220; disabled_on=&#8220;on|on|on&#8220; admin_label=&#8220;IL CASTELLO&#8220; module_class=&#8220;blurb_hover_img_02&#8243; _builder_version=&#8220;4.18.0&#8243; _module_preset=&#8220;default&#8220; animation=&#8220;off&#8220; link_option_url=&#8220;\/il-castello#storia&#8220; disabled=&#8220;on&#8220; global_colors_info=&#8220;{}&#8220; theme_builder_area=&#8220;post_content&#8220;][\/et_pb_blurb][et_pb_blurb title=&#8220;IL PARCO&#8220; url=&#8220;\/il-parco#storia&#8220; image=&#8220;https:\/\/miramare.cultura.gov.it\/wp-content\/uploads\/2022\/08\/img_24.jpg&#8220; disabled_on=&#8220;on|on|on&#8220; admin_label=&#8220;IL PARCO&#8220; module_class=&#8220;blurb_hover_img_03&#8243; _builder_version=&#8220;4.18.0&#8243; _module_preset=&#8220;default&#8220; animation=&#8220;off&#8220; link_option_url=&#8220;\/il-parco#storia&#8220; disabled=&#8220;on&#8220; global_colors_info=&#8220;{}&#8220; theme_builder_area=&#8220;post_content&#8220;][\/et_pb_blurb][et_pb_blurb title=&#8220;Maximilian <br \/>von Habsburg&#8220; url=&#8220;\/massimiliano-d-asburgo\/&#8220; image=&#8220;https:\/\/miramare.cultura.gov.it\/wp-content\/uploads\/2022\/08\/img_19.jpg&#8220; admin_label=&#8220;MASSIMILIANO D\u2019ASBURGO&#8220; module_class=&#8220;blurb_hover_img_04&#8243; _builder_version=&#8220;4.19.0&#8243; _module_preset=&#8220;default&#8220; animation=&#8220;off&#8220; link_option_url=&#8220;\/massimiliano-d-asburgo\/&#8220; global_colors_info=&#8220;{}&#8220; theme_builder_area=&#8220;post_content&#8220;][\/et_pb_blurb][et_pb_blurb title=&#8220;Charlotte <br \/>von Belgien&#8220; url=&#8220;\/carlotta-del-belgio\/&#8220; image=&#8220;https:\/\/miramare.cultura.gov.it\/wp-content\/uploads\/2022\/08\/img_23.jpg&#8220; admin_label=&#8220;CARLOTTA DEL BELGIO&#8220; module_class=&#8220;blurb_hover_img_05&#8243; _builder_version=&#8220;4.19.0&#8243; _module_preset=&#8220;default&#8220; animation=&#8220;off&#8220; link_option_url=&#8220;\/carlotta-del-belgio\/&#8220; global_colors_info=&#8220;{}&#8220; theme_builder_area=&#8220;post_content&#8220;][\/et_pb_blurb][et_pb_blurb title=&#8220;Das Schloss Miramare <br \/>nach Maximilian&#8220; url=&#8220;\/miramare-dopo-massimiliano\/&#8220; image=&#8220;https:\/\/miramare.cultura.gov.it\/wp-content\/uploads\/2022\/08\/img_22.jpg&#8220; disabled_on=&#8220;off|off|off&#8220; admin_label=&#8220;MIRAMARE DOPO MASSILIANO&#8220; module_class=&#8220;blurb_hover_img_06&#8243; _builder_version=&#8220;4.19.0&#8243; _module_preset=&#8220;default&#8220; animation=&#8220;off&#8220; link_option_url=&#8220;\/miramare-dopo-massimiliano\/&#8220; global_colors_info=&#8220;{}&#8220; theme_builder_area=&#8220;post_content&#8220;][\/et_pb_blurb][et_pb_blurb title=&#8220;Amedeo <br \/> von Savoyen&#8220; url=&#8220;\/amedeo-di-savoia-aosta\/&#8220; image=&#8220;https:\/\/miramare.cultura.gov.it\/wp-content\/uploads\/2022\/10\/amedeo-savoia-aosta.jpg&#8220; alt=&#8220;amedeo-savoia-aosta&#8220; admin_label=&#8220;AMEDEO DI SAVOIA&#8220; module_class=&#8220;blurb_hover_img_08&#8243; _builder_version=&#8220;4.19.0&#8243; _module_preset=&#8220;default&#8220; animation=&#8220;off&#8220; link_option_url=&#8220;\/amedeo-di-savoia-aosta\/&#8220; global_colors_info=&#8220;{}&#8220; theme_builder_area=&#8220;post_content&#8220;][\/et_pb_blurb][et_pb_blurb title=&#8220;IL CASTELLO&#8220; image=&#8220;https:\/\/miramare.cultura.gov.it\/wp-content\/uploads\/2022\/11\/castello-di-miramare-storia.jpg&#8220; disabled_on=&#8220;off|off|off&#8220; admin_label=&#8220;il castello&#8220; module_class=&#8220;blurb_hover_img_07&#8243; _builder_version=&#8220;4.19.0&#8243; _module_preset=&#8220;default&#8220; animation=&#8220;off&#8220; link_option_url=&#8220;\/il-castello#castello-storia&#8220; global_colors_info=&#8220;{}&#8220; theme_builder_area=&#8220;post_content&#8220;][\/et_pb_blurb][et_pb_blurb title=&#8220;IL PARCO&#8220; image=&#8220;https:\/\/miramare.cultura.gov.it\/wp-content\/uploads\/2022\/11\/Parco_fiori_statua_miramare.jpg&#8220; disabled_on=&#8220;off|off|off&#8220; admin_label=&#8220;IL PARCO&#8220; module_class=&#8220;blurb_hover_img_09&#8243; _builder_version=&#8220;4.18.0&#8243; _module_preset=&#8220;default&#8220; animation=&#8220;off&#8220; link_option_url=&#8220;\/il-parco#parco-storia&#8220; global_colors_info=&#8220;{}&#8220; theme_builder_area=&#8220;post_content&#8220;][\/et_pb_blurb][\/et_pb_column][et_pb_column type=&#8220;1_3&#8243; module_class=&#8220;img_hover_content_column&#8220; _builder_version=&#8220;4.17.6&#8243; _module_preset=&#8220;default&#8220; global_colors_info=&#8220;{}&#8220; theme_builder_area=&#8220;post_content&#8220;][et_pb_blurb title=&#8220;PERCORRI LA STORIA&#8220; disabled_on=&#8220;on|on|on&#8220; admin_label=&#8220;PERCORRI LA STORIA&#8220; module_class=&#8220;blurb_hover_content_01&#8243; _builder_version=&#8220;4.18.0&#8243; _module_preset=&#8220;default&#8220; header_level=&#8220;h3&#8243; disabled=&#8220;on&#8220; global_colors_info=&#8220;{}&#8220; theme_builder_area=&#8220;post_content&#8220;]l Castello di Miramare e il suo Parco sorgono per volont\u00e0 dell\u2019arciduca Massimiliano d\u2019Asburgo che decide, attorno al 1855, di farsi costruire alla periferia di Trieste una residenza consona al proprio rango, affacciata sul mare e cinta da un esteso giardino.[\/et_pb_blurb][et_pb_blurb title=&#8220;IL CASTELLO&#8220; disabled_on=&#8220;on|on|on&#8220; admin_label=&#8220;IL CASTELLO&#8220; module_class=&#8220;blurb_hover_content_02&#8243; _builder_version=&#8220;4.18.0&#8243; _module_preset=&#8220;default&#8220; header_level=&#8220;h3&#8243; disabled=&#8220;on&#8220; global_colors_info=&#8220;{}&#8220; theme_builder_area=&#8220;post_content&#8220;]<\/p>\n<p>l Castello di Miramare e il suo Parco sorgono per volont\u00e0 dell\u2019arciduca Massimiliano d\u2019Asburgo che decide, attorno al 1855, di farsi costruire alla periferia di Trieste una residenza consona al proprio rango, affacciata sul mare e cinta da un esteso giardino.<\/p>\n<p>[\/et_pb_blurb][et_pb_blurb title=&#8220;IL PARCO&#8220; disabled_on=&#8220;on|on|on&#8220; admin_label=&#8220;IL PARCO&#8220; module_class=&#8220;blurb_hover_content_03&#8243; _builder_version=&#8220;4.18.0&#8243; _module_preset=&#8220;default&#8220; header_level=&#8220;h3&#8243; disabled=&#8220;on&#8220; global_colors_info=&#8220;{}&#8220; theme_builder_area=&#8220;post_content&#8220;]<\/p>\n<p>l Castello di Miramare e il suo Parco sorgono per volont\u00e0 dell\u2019arciduca Massimiliano d\u2019Asburgo che decide, attorno al 1855, di farsi costruire alla periferia di Trieste una residenza consona al proprio rango, affacciata sul mare e cinta da un esteso giardino.<\/p>\n<p>[\/et_pb_blurb][et_pb_blurb title=&#8220;Maximilian von Habsburg&#8220; admin_label=&#8220;MASSIMILIANO D\u2019ASBURGO&#8220; module_class=&#8220;blurb_hover_content_04&#8243; _builder_version=&#8220;4.19.0&#8243; _module_preset=&#8220;default&#8220; header_level=&#8220;h3&#8243; global_colors_info=&#8220;{}&#8220; theme_builder_area=&#8220;post_content&#8220;]<\/p>\n<p>Am 6. Juli 1832 wurde in Schloss Sch\u00f6nbrunn bei Wien Ferdinand Maximilian von Habsburg-Lothringen, &#8230;<\/p>\n<p>[\/et_pb_blurb][et_pb_blurb title=&#8220;Charlotte von Belgien&#8220; admin_label=&#8220;CARLOTTA DEL BELGIO&#8220; module_class=&#8220;blurb_hover_content_05&#8243; _builder_version=&#8220;4.19.0&#8243; _module_preset=&#8220;default&#8220; header_level=&#8220;h3&#8243; global_colors_info=&#8220;{}&#8220; theme_builder_area=&#8220;post_content&#8220;]Am 7. Juni 1840 wurde im belgischen Laeken Prinzessin Marie Charlotte von Sachsen-Coburg-Gotha &#8230;[\/et_pb_blurb][et_pb_blurb title=&#8220;Das Schloss Miramare nach Maximilian&#8220; disabled_on=&#8220;off|off|off&#8220; admin_label=&#8220;MIRAMARE DOPO MASSILIANO&#8220; module_class=&#8220;blurb_hover_content_06&#8243; _builder_version=&#8220;4.19.0&#8243; _module_preset=&#8220;default&#8220; header_level=&#8220;h3&#8243; global_colors_info=&#8220;{}&#8220; theme_builder_area=&#8220;post_content&#8220;]<\/p>\n<p>Nach dem Tod Maximilians und der Abreise Charlottes nach Belgien im Jahre 1867 weilten Mitglieder&#8230;<\/p>\n<p>[\/et_pb_blurb][et_pb_blurb title=&#8220;Amedeo von Savoyen&#8220; admin_label=&#8220;AMEDEO DI SAVOIA&#8220; module_class=&#8220;blurb_hover_content_08&#8243; _builder_version=&#8220;4.19.0&#8243; _module_preset=&#8220;default&#8220; header_level=&#8220;h3&#8243; global_colors_info=&#8220;{}&#8220; theme_builder_area=&#8220;post_content&#8220;]<\/p>\n<p>Im Jahr 1930 \u00fcberlie\u00df die italienische Regierung das Schloss Miramare Herzog Amedeo von Savoyen-Aosta als Wohnsitz&#8230;<\/p>\n<p>[\/et_pb_blurb][et_pb_blurb title=&#8220;IL CASTELLO&#8220; disabled_on=&#8220;off|off|off&#8220; admin_label=&#8220;il castello&#8220; module_class=&#8220;blurb_hover_content_07&#8243; _builder_version=&#8220;4.18.0&#8243; _module_preset=&#8220;default&#8220; header_level=&#8220;h3&#8243; global_colors_info=&#8220;{}&#8220; theme_builder_area=&#8220;post_content&#8220;]<\/p>\n<p>Il Castello di Miramare e il suo Parco sorgono per volont\u00e0 dell\u2019arciduca Massimiliano d\u2019Asburgo che decide, attorno al 1855, di farsi costruire alla periferia di Trieste una residenza consona al proprio rango, affacciata sul mare e cinta da un esteso giardino&#8230;<\/p>\n<p>[\/et_pb_blurb][et_pb_blurb title=&#8220;IL PARCO&#8220; disabled_on=&#8220;off|off|off&#8220; admin_label=&#8220;MIRAMARE NEGLI ANNI 40-50&#8243; module_class=&#8220;blurb_hover_content_09&#8243; _builder_version=&#8220;4.18.0&#8243; _module_preset=&#8220;default&#8220; header_level=&#8220;h3&#8243; global_colors_info=&#8220;{}&#8220; theme_builder_area=&#8220;post_content&#8220;]<\/p>\n<p>Il Parco di Miramare, con i suoi ventidue ettari di superficie, \u00e8 il risultato dell\u2019impegnativo intervento condotto nell\u2019arco di molti anni da Massimiliano d\u2019Asburgo sul promontorio roccioso di Grignano&#8230;<\/p>\n<p>[\/et_pb_blurb][et_pb_button button_text=&#8220;LA STORIA&#8220; button_alignment=&#8220;right&#8220; button_alignment_tablet=&#8220;center&#8220; button_alignment_phone=&#8220;center&#8220; button_alignment_last_edited=&#8220;on|phone&#8220; disabled_on=&#8220;on|on|on&#8220; module_class=&#8220;page-btn&#8220; _builder_version=&#8220;4.18.0&#8243; _module_preset=&#8220;default&#8220; disabled=&#8220;on&#8220; global_colors_info=&#8220;{}&#8220; theme_builder_area=&#8220;post_content&#8220;][\/et_pb_button][\/et_pb_column][\/et_pb_row][\/et_pb_section]<\/p>\n","protected":false},"excerpt":{"rendered":"<p>Maximilian von HabsburgAm 6. Juli 1832 wurde in Schloss Sch\u00f6nbrunn bei Wien Ferdinand Maximilian von Habsburg-Lothringen, Erzherzog von \u00d6sterreich und Kaiserlicher Prinz, als zweiter Sohn des Erzherzogs Franz Karl und der Erzherzogin Sophie, Prinzessin von Wittelsbach, geboren. Zwei Jahre vor ihm war sein Bruder Franz-Joseph auf die Welt gekommen. Da er sich f\u00fcr die Seefahrt [&hellip;]<\/p>\n","protected":false},"author":1,"featured_media":0,"parent":0,"menu_order":0,"comment_status":"closed","ping_status":"closed","template":"","meta":{"_et_pb_use_builder":"on","_et_pb_old_content":"","_et_gb_content_width":"","footnotes":""},"class_list":["post-14113","page","type-page","status-publish","hentry"],"yoast_head":"<!-- This site is optimized with the Yoast SEO plugin v27.4 - https:\/\/yoast.com\/product\/yoast-seo-wordpress\/ -->\n<title>Maximilian von Habsburg | Museo Storico e Il Parco del Castello di Miramare<\/title>\n<meta name=\"description\" content=\"Maximilian von Habsburg | Museo Storico e Il Parco del Castello di Miramare | Un luogo nobile e romatico tra arte, natura e bellezza. |\" \/>\n<meta name=\"robots\" content=\"index, follow, max-snippet:-1, max-image-preview:large, max-video-preview:-1\" \/>\n<link rel=\"canonical\" href=\"https:\/\/miramare.cultura.gov.it\/de\/maximilian-von-habsburg\/\" \/>\n<meta property=\"og:locale\" content=\"de_DE\" \/>\n<meta property=\"og:type\" content=\"article\" \/>\n<meta property=\"og:title\" content=\"Maximilian von Habsburg | Museo Storico e Il Parco del Castello di Miramare\" \/>\n<meta property=\"og:description\" content=\"Maximilian von Habsburg | Museo Storico e Il Parco del Castello di Miramare | Un luogo nobile e romatico tra arte, natura e bellezza. |\" \/>\n<meta property=\"og:url\" content=\"https:\/\/miramare.cultura.gov.it\/de\/maximilian-von-habsburg\/\" \/>\n<meta property=\"og:site_name\" content=\"Museo Storico e Il Parco del Castello di Miramare\" \/>\n<meta property=\"article:modified_time\" content=\"2023-03-01T11:57:31+00:00\" \/>\n<meta name=\"twitter:card\" content=\"summary_large_image\" \/>\n<meta name=\"twitter:label1\" content=\"Gesch\u00e4tzte Lesezeit\" \/>\n\t<meta name=\"twitter:data1\" content=\"6\u00a0Minuten\" \/>\n<script type=\"application\/ld+json\" class=\"yoast-schema-graph\">{\"@context\":\"https:\\\/\\\/schema.org\",\"@graph\":[{\"@type\":\"WebPage\",\"@id\":\"https:\\\/\\\/miramare.cultura.gov.it\\\/de\\\/maximilian-von-habsburg\\\/\",\"url\":\"https:\\\/\\\/miramare.cultura.gov.it\\\/de\\\/maximilian-von-habsburg\\\/\",\"name\":\"Maximilian von Habsburg | Museo Storico e Il Parco del Castello di Miramare\",\"isPartOf\":{\"@id\":\"https:\\\/\\\/miramare.cultura.gov.it\\\/#website\"},\"datePublished\":\"2022-10-06T07:25:47+00:00\",\"dateModified\":\"2023-03-01T11:57:31+00:00\",\"description\":\"Maximilian von Habsburg | Museo Storico e Il Parco del Castello di Miramare | Un luogo nobile e romatico tra arte, natura e bellezza. |\",\"breadcrumb\":{\"@id\":\"https:\\\/\\\/miramare.cultura.gov.it\\\/de\\\/maximilian-von-habsburg\\\/#breadcrumb\"},\"inLanguage\":\"de\",\"potentialAction\":[{\"@type\":\"ReadAction\",\"target\":[\"https:\\\/\\\/miramare.cultura.gov.it\\\/de\\\/maximilian-von-habsburg\\\/\"]}]},{\"@type\":\"BreadcrumbList\",\"@id\":\"https:\\\/\\\/miramare.cultura.gov.it\\\/de\\\/maximilian-von-habsburg\\\/#breadcrumb\",\"itemListElement\":[{\"@type\":\"ListItem\",\"position\":1,\"name\":\"Home\",\"item\":\"https:\\\/\\\/miramare.cultura.gov.it\\\/de\\\/\"},{\"@type\":\"ListItem\",\"position\":2,\"name\":\"Maximilian von Habsburg\"}]},{\"@type\":\"WebSite\",\"@id\":\"https:\\\/\\\/miramare.cultura.gov.it\\\/#website\",\"url\":\"https:\\\/\\\/miramare.cultura.gov.it\\\/\",\"name\":\"Museo Storico e Il Parco del Castello di Miramare\",\"description\":\"Un luogo nobile e romatico tra arte, natura e bellezza.\",\"potentialAction\":[{\"@type\":\"SearchAction\",\"target\":{\"@type\":\"EntryPoint\",\"urlTemplate\":\"https:\\\/\\\/miramare.cultura.gov.it\\\/?s={search_term_string}\"},\"query-input\":{\"@type\":\"PropertyValueSpecification\",\"valueRequired\":true,\"valueName\":\"search_term_string\"}}],\"inLanguage\":\"de\"}]}<\/script>\n<!-- \/ Yoast SEO plugin. -->","yoast_head_json":{"title":"Maximilian von Habsburg | Museo Storico e Il Parco del Castello di Miramare","description":"Maximilian von Habsburg | Museo Storico e Il Parco del Castello di Miramare | Un luogo nobile e romatico tra arte, natura e bellezza. |","robots":{"index":"index","follow":"follow","max-snippet":"max-snippet:-1","max-image-preview":"max-image-preview:large","max-video-preview":"max-video-preview:-1"},"canonical":"https:\/\/miramare.cultura.gov.it\/de\/maximilian-von-habsburg\/","og_locale":"de_DE","og_type":"article","og_title":"Maximilian von Habsburg | Museo Storico e Il Parco del Castello di Miramare","og_description":"Maximilian von Habsburg | Museo Storico e Il Parco del Castello di Miramare | Un luogo nobile e romatico tra arte, natura e bellezza. |","og_url":"https:\/\/miramare.cultura.gov.it\/de\/maximilian-von-habsburg\/","og_site_name":"Museo Storico e Il Parco del Castello di Miramare","article_modified_time":"2023-03-01T11:57:31+00:00","twitter_card":"summary_large_image","twitter_misc":{"Gesch\u00e4tzte Lesezeit":"6\u00a0Minuten"},"schema":{"@context":"https:\/\/schema.org","@graph":[{"@type":"WebPage","@id":"https:\/\/miramare.cultura.gov.it\/de\/maximilian-von-habsburg\/","url":"https:\/\/miramare.cultura.gov.it\/de\/maximilian-von-habsburg\/","name":"Maximilian von Habsburg | Museo Storico e Il Parco del Castello di Miramare","isPartOf":{"@id":"https:\/\/miramare.cultura.gov.it\/#website"},"datePublished":"2022-10-06T07:25:47+00:00","dateModified":"2023-03-01T11:57:31+00:00","description":"Maximilian von Habsburg | Museo Storico e Il Parco del Castello di Miramare | Un luogo nobile e romatico tra arte, natura e bellezza. |","breadcrumb":{"@id":"https:\/\/miramare.cultura.gov.it\/de\/maximilian-von-habsburg\/#breadcrumb"},"inLanguage":"de","potentialAction":[{"@type":"ReadAction","target":["https:\/\/miramare.cultura.gov.it\/de\/maximilian-von-habsburg\/"]}]},{"@type":"BreadcrumbList","@id":"https:\/\/miramare.cultura.gov.it\/de\/maximilian-von-habsburg\/#breadcrumb","itemListElement":[{"@type":"ListItem","position":1,"name":"Home","item":"https:\/\/miramare.cultura.gov.it\/de\/"},{"@type":"ListItem","position":2,"name":"Maximilian von Habsburg"}]},{"@type":"WebSite","@id":"https:\/\/miramare.cultura.gov.it\/#website","url":"https:\/\/miramare.cultura.gov.it\/","name":"Museo Storico e Il Parco del Castello di Miramare","description":"Un luogo nobile e romatico tra arte, natura e bellezza.","potentialAction":[{"@type":"SearchAction","target":{"@type":"EntryPoint","urlTemplate":"https:\/\/miramare.cultura.gov.it\/?s={search_term_string}"},"query-input":{"@type":"PropertyValueSpecification","valueRequired":true,"valueName":"search_term_string"}}],"inLanguage":"de"}]}},"_links":{"self":[{"href":"https:\/\/miramare.cultura.gov.it\/de\/wp-json\/wp\/v2\/pages\/14113","targetHints":{"allow":["GET"]}}],"collection":[{"href":"https:\/\/miramare.cultura.gov.it\/de\/wp-json\/wp\/v2\/pages"}],"about":[{"href":"https:\/\/miramare.cultura.gov.it\/de\/wp-json\/wp\/v2\/types\/page"}],"author":[{"embeddable":true,"href":"https:\/\/miramare.cultura.gov.it\/de\/wp-json\/wp\/v2\/users\/1"}],"replies":[{"embeddable":true,"href":"https:\/\/miramare.cultura.gov.it\/de\/wp-json\/wp\/v2\/comments?post=14113"}],"version-history":[{"count":2,"href":"https:\/\/miramare.cultura.gov.it\/de\/wp-json\/wp\/v2\/pages\/14113\/revisions"}],"predecessor-version":[{"id":14116,"href":"https:\/\/miramare.cultura.gov.it\/de\/wp-json\/wp\/v2\/pages\/14113\/revisions\/14116"}],"wp:attachment":[{"href":"https:\/\/miramare.cultura.gov.it\/de\/wp-json\/wp\/v2\/media?parent=14113"}],"curies":[{"name":"wp","href":"https:\/\/api.w.org\/{rel}","templated":true}]}}