{"id":12478,"date":"2022-08-03T09:04:22","date_gmt":"2022-08-03T07:04:22","guid":{"rendered":"https:\/\/miramare.cultura.gov.it\/home\/"},"modified":"2023-12-23T22:03:04","modified_gmt":"2023-12-23T21:03:04","slug":"home","status":"publish","type":"page","link":"https:\/\/miramare.cultura.gov.it\/en\/","title":{"rendered":"Home"},"content":{"rendered":"<p>[et_pb_section fb_built=&#8221;1&#8243; module_class=&#8221;banner-section&#8221; _builder_version=&#8221;4.17.6&#8243; _module_preset=&#8221;default&#8221; background_enable_image=&#8221;off&#8221; background_video_mp4=&#8221;https:\/\/miramare.cultura.gov.it\/wp-content\/uploads\/2022\/08\/miramare-home-test.mp4&#8243; module_alignment=&#8221;center&#8221; min_height=&#8221;100vh&#8221; global_colors_info=&#8221;{}&#8221;][et_pb_row _builder_version=&#8221;4.17.6&#8243; _module_preset=&#8221;default&#8221; global_colors_info=&#8221;{}&#8221;][et_pb_column type=&#8221;4_4&#8243; _builder_version=&#8221;4.17.6&#8243; _module_preset=&#8221;default&#8221; global_colors_info=&#8221;{}&#8221;][et_pb_text _builder_version=&#8221;4.19.0&#8243; _module_preset=&#8221;default&#8221; text_text_color=&#8221;#FFFFFF&#8221; global_colors_info=&#8221;{}&#8221;]<\/p>\n<h1 style=\"text-align: center;\">A NOBLE AND ROMANTIC PLACE<br \/>made of ART, NATURE AND BEAUTY<\/h1>\n<p><!--<br \/>\n\n\n<p style=\"text-align: center;\">Un castello da sogno affacciato sul mare.<br \/>Un parco straordinario e una storia affascinante.<\/p>\n\n\n\n\n<p> --><\/p>\n<p>[\/et_pb_text][\/et_pb_column][\/et_pb_row][et_pb_row module_class=&#8221;banner-btm-section&#8221; _builder_version=&#8221;4.17.6&#8243; _module_preset=&#8221;default&#8221; custom_padding=&#8221;||0px||false|false&#8221; global_colors_info=&#8221;{}&#8221;][et_pb_column type=&#8221;4_4&#8243; _builder_version=&#8221;4.17.6&#8243; _module_preset=&#8221;default&#8221; global_colors_info=&#8221;{}&#8221;][et_pb_social_media_follow _builder_version=&#8221;4.19.0&#8243; _module_preset=&#8221;default&#8221; global_colors_info=&#8221;{}&#8221;][et_pb_social_media_follow_network social_network=&#8221;youtube&#8221; url=&#8221;https:\/\/www.youtube.com\/channel\/UCJsGMDwhAnc2FpDWKQzzQaw&#8221; _builder_version=&#8221;4.19.0&#8243; _module_preset=&#8221;default&#8221; background_color=&#8221;#a82400&#8243; global_colors_info=&#8221;{}&#8221; follow_button=&#8221;off&#8221; url_new_window=&#8221;on&#8221;]youtube[\/et_pb_social_media_follow_network][et_pb_social_media_follow_network social_network=&#8221;instagram&#8221; url=&#8221;https:\/\/www.instagram.com\/museomiramare\/&#8221; _builder_version=&#8221;4.18.0&#8243; _module_preset=&#8221;default&#8221; background_color=&#8221;#ea2c59&#8243; global_colors_info=&#8221;{}&#8221; follow_button=&#8221;off&#8221; url_new_window=&#8221;on&#8221;]instagram[\/et_pb_social_media_follow_network][et_pb_social_media_follow_network social_network=&#8221;twitter&#8221; url=&#8221;https:\/\/twitter.com\/museomiramare\/&#8221; _builder_version=&#8221;4.22.2&#8243; _module_preset=&#8221;default&#8221; background_color=&#8221;#000000&#8243; global_colors_info=&#8221;{}&#8221; follow_button=&#8221;off&#8221; url_new_window=&#8221;on&#8221;]twitter[\/et_pb_social_media_follow_network][et_pb_social_media_follow_network social_network=&#8221;facebook&#8221; url=&#8221;https:\/\/www.facebook.com\/museomiramare\/&#8221; _builder_version=&#8221;4.18.0&#8243; _module_preset=&#8221;default&#8221; background_color=&#8221;#3b5998&#8243; global_colors_info=&#8221;{}&#8221; follow_button=&#8221;off&#8221; url_new_window=&#8221;on&#8221;]facebook[\/et_pb_social_media_follow_network][\/et_pb_social_media_follow][\/et_pb_column][\/et_pb_row][\/et_pb_section][et_pb_section fb_built=&#8221;1&#8243; module_class=&#8221;text-parallax-section&#8221; _builder_version=&#8221;4.18.0&#8243; _module_preset=&#8221;default&#8221; background_image=&#8221;https:\/\/miramare.cultura.gov.it\/wp-content\/uploads\/2022\/08\/bg_0153.webp&#8221; parallax=&#8221;on&#8221; custom_padding=&#8221;0px||0px||true|false&#8221; background_last_edited=&#8221;on|desktop&#8221; background_enable_image_tablet=&#8221;off&#8221; parallax_tablet=&#8221;off&#8221; saved_tabs=&#8221;all&#8221; global_colors_info=&#8221;{}&#8221;][et_pb_row column_structure=&#8221;2_5,3_5&#8243; _builder_version=&#8221;4.17.6&#8243; _module_preset=&#8221;default&#8221; background_enable_color=&#8221;off&#8221; width=&#8221;100%&#8221; max_width=&#8221;2560px&#8221; module_alignment=&#8221;right&#8221; custom_padding=&#8221;0px||0px||true|false&#8221; global_colors_info=&#8221;{}&#8221;][et_pb_column type=&#8221;2_5&#8243; disabled_on=&#8221;on|off|off&#8221; _builder_version=&#8221;4.17.6&#8243; _module_preset=&#8221;default&#8221; background_enable_color=&#8221;off&#8221; global_colors_info=&#8221;{}&#8221;][\/et_pb_column][et_pb_column type=&#8221;3_5&#8243; module_class=&#8221;pd-right para-top-right-column&#8221; _builder_version=&#8221;4.17.6&#8243; _module_preset=&#8221;default&#8221; background_enable_color=&#8221;off&#8221; global_colors_info=&#8221;{}&#8221;][et_pb_text admin_label=&#8221;testo per home page&#8221; _builder_version=&#8221;4.19.0&#8243; _module_preset=&#8221;default&#8221; display_conditions=&#8221;W10=&#8221; global_colors_info=&#8221;{}&#8221;]<\/p>\n<p>A castle, a story, an empire.<br \/>A historic residence with all its original furnishings.<br \/>An eclectic collection that brings together works and styles from around the world.<\/p>\n<p>&nbsp;<\/p>\n<p>[\/et_pb_text][et_pb_code module_class=&#8221;top-right-shape&#8221; _builder_version=&#8221;4.19.0&#8243; _module_preset=&#8221;default&#8221; global_colors_info=&#8221;{}&#8221;]<\/p>\n<div class=\"custom-shape-divider-top-right\"><!-- [et_pb_line_break_holder] -->    <svg data-name=\"Layer 1\" xmlns=\"http:\/\/www.w3.org\/2000\/svg\" viewBox=\"0 0 1200 120\" preserveAspectRatio=\"none\"><!-- [et_pb_line_break_holder] -->        <path d=\"M1200 0L0 0 598.97 114.72 1200 0z\" class=\"shape-fill\"><\/path><!-- [et_pb_line_break_holder] -->    <\/svg><!-- [et_pb_line_break_holder] --><\/div>\n<p>[\/et_pb_code][\/et_pb_column][\/et_pb_row][et_pb_row disabled_on=&#8221;off|off|off&#8221; module_class=&#8221;text_para_img&#8221; _builder_version=&#8221;4.18.0&#8243; _module_preset=&#8221;default&#8221; background_image=&#8221;https:\/\/miramare.cultura.gov.it\/wp-content\/uploads\/2022\/08\/bg_0153.webp&#8221; width=&#8221;100%&#8221; max_width=&#8221;2560px&#8221; min_height=&#8221;50vh&#8221; global_colors_info=&#8221;{}&#8221;][et_pb_column type=&#8221;4_4&#8243; _builder_version=&#8221;4.18.0&#8243; _module_preset=&#8221;default&#8221; global_colors_info=&#8221;{}&#8221;][\/et_pb_column][\/et_pb_row][et_pb_row column_structure=&#8221;2_5,3_5&#8243; _builder_version=&#8221;4.17.6&#8243; _module_preset=&#8221;default&#8221; global_colors_info=&#8221;{}&#8221;][et_pb_column type=&#8221;2_5&#8243; module_class=&#8221;pd-left para-btm-left-column&#8221; _builder_version=&#8221;4.17.6&#8243; _module_preset=&#8221;default&#8221; global_colors_info=&#8221;{}&#8221;][et_pb_text admin_label=&#8221;testo per home page&#8221; _builder_version=&#8221;4.19.0&#8243; _module_preset=&#8221;default&#8221; display_conditions=&#8221;W10=&#8221; global_colors_info=&#8221;{}&#8221;]<\/p>\n<p>A park with many gardens.<br \/>An outburst of colours, sounds and scents.<\/p>\n<p>[\/et_pb_text][et_pb_code module_class=&#8221;bottom-left-shape&#8221; _builder_version=&#8221;4.19.0&#8243; _module_preset=&#8221;default&#8221; global_colors_info=&#8221;{}&#8221;]<\/p>\n<div class=\"custom-shape-divider-bottom-left\"><!-- [et_pb_line_break_holder] -->    <svg data-name=\"Layer 1\" xmlns=\"http:\/\/www.w3.org\/2000\/svg\" viewBox=\"0 0 1200 120\" preserveAspectRatio=\"none\"><!-- [et_pb_line_break_holder] -->        <path d=\"M1200 0L0 0 892.25 114.72 1200 0z\" class=\"shape-fill\"><\/path><!-- [et_pb_line_break_holder] -->    <\/svg><!-- [et_pb_line_break_holder] --><\/div>\n<p>[\/et_pb_code][\/et_pb_column][et_pb_column type=&#8221;3_5&#8243; _builder_version=&#8221;4.17.6&#8243; _module_preset=&#8221;default&#8221; global_colors_info=&#8221;{}&#8221;][\/et_pb_column][\/et_pb_row][\/et_pb_section][et_pb_section fb_built=&#8221;1&#8243; admin_label=&#8221;Map&#8221; _builder_version=&#8221;4.17.6&#8243; _module_preset=&#8221;default&#8221; custom_padding=&#8221;0px||0px||true|false&#8221; global_colors_info=&#8221;{}&#8221;][et_pb_row module_class=&#8221;map-content-row&#8221; _builder_version=&#8221;4.17.6&#8243; _module_preset=&#8221;default&#8221; global_colors_info=&#8221;{}&#8221;][et_pb_column type=&#8221;4_4&#8243; _builder_version=&#8221;4.17.6&#8243; _module_preset=&#8221;default&#8221; global_colors_info=&#8221;{}&#8221;][et_pb_blurb title=&#8221;VISIT THE CASTLE&#8221; url=&#8221;\/en\/the-castle\/&#8221; image=&#8221;https:\/\/miramare.cultura.gov.it\/wp-content\/uploads\/2022\/09\/castello.png&#8221; admin_label=&#8221;VISITA IL CASTELLO&#8221; module_id=&#8221;map-content-1&#8243; _builder_version=&#8221;4.19.0&#8243; _module_preset=&#8221;default&#8221; animation=&#8221;off&#8221; global_colors_info=&#8221;{}&#8221;]<\/p>\n<p>The Miramare Castle looks over the Gulf of Trieste, running out into the sea on top of a cliff. With its eclectic style and Istrian white stone, it is unmistakable no matter how you look at it.<\/p>\n<p><!-- \n\n<p style=\"text-align: center;\"><a href=\"\/en\/the-castle\/\">visit<\/a><\/p>\n\n -->[\/et_pb_blurb][et_pb_blurb title=&#8221;VISIT THE MOLO&#8221; url=&#8221;\/en\/il-molo\/&#8221; image=&#8221;https:\/\/miramare.cultura.gov.it\/wp-content\/uploads\/2022\/09\/sfinge.png&#8221; admin_label=&#8221;VISITA IL MOLO&#8221; module_id=&#8221;map-content-2&#8243; _builder_version=&#8221;4.19.0&#8243; _module_preset=&#8221;default&#8221; animation=&#8221;off&#8221; global_colors_info=&#8221;{}&#8221;]<\/p>\n<p>A Sphynx is placed at the pier head of the small harbor. This red-granite sculpture from the Ptolemaic era dates back to the III century B.C. and it is the only extant piece of a rich collection of Egyptian remains that the Archduke once had.<\/p>\n<p><!-- \n\n<p style=\"text-align: center;\"><a href=\"\/en\/il-molo\/\">visit<\/a><\/p>\n\n -->[\/et_pb_blurb][et_pb_blurb title=&#8221;VISIT THE CASTELLETTO&#8221; url=&#8221;\/en\/the-castelletto\/&#8221; image=&#8221;https:\/\/miramare.cultura.gov.it\/wp-content\/uploads\/2022\/09\/castelletto.png&#8221; admin_label=&#8221;VISITA IL CASTELLETTO&#8221; module_id=&#8221;map-content-3&#8243; _builder_version=&#8221;4.19.0&#8243; _module_preset=&#8221;default&#8221; animation=&#8221;off&#8221; global_colors_info=&#8221;{}&#8221;]<\/p>\n<p>The chatelet is a scale-down reproduction of the eclectic exterior of the main residence\u2026.<\/p>\n<p><!-- \n\n<p style=\"text-align: center;\"><a href=\"\/en\/the-castelletto\/\">visit<\/a><\/p>\n\n -->[\/et_pb_blurb][et_pb_blurb title=&#8221;VISIT THE GREENHOUSES&#8221; url=&#8221;\/en\/the-greenhouses\/&#8221; image=&#8221;https:\/\/miramare.cultura.gov.it\/wp-content\/uploads\/2022\/09\/serre.png&#8221; admin_label=&#8221;VISITA LE SERRE&#8221; module_id=&#8221;map-content-4&#8243; _builder_version=&#8221;4.19.0&#8243; _module_preset=&#8221;default&#8221; animation=&#8221;off&#8221; global_colors_info=&#8221;{}&#8221;]<\/p>\n<p>The old greenhouse edifice stands in the forecourt of the Chatelet. The new greenhouses are just a few steps away\u2026<\/p>\n<p><!-- \n\n<p style=\"text-align: center;\"><a href=\"\/en\/the-greenhouses\/\">visit<\/a><\/p>\n\n -->[\/et_pb_blurb][et_pb_blurb title=&#8221;VISIT THE PARK&#8221; url=&#8221;\/en\/the-park\/&#8221; image=&#8221;https:\/\/miramare.cultura.gov.it\/wp-content\/uploads\/2022\/08\/img_010.png&#8221; admin_label=&#8221;Il parco&#8221; module_id=&#8221;map-content-5&#8243; _builder_version=&#8221;4.19.0&#8243; _module_preset=&#8221;default&#8221; animation=&#8221;off&#8221; global_colors_info=&#8221;{}&#8221;]<\/p>\n<p style=\"text-align: center;\">The 22-hectare-wide Park stretches out on the rocky point of Grignano<\/p>\n<p><!-- \n\n<p style=\"text-align: center;\"><a href=\"\/en\/the-park\/\">visit<\/a><\/p>\n\n -->[\/et_pb_blurb][et_pb_blurb title=&#8221;VISIT THE STABLES&#8221; url=&#8221;\/en\/the-stables\/&#8221; image=&#8221;https:\/\/miramare.cultura.gov.it\/wp-content\/uploads\/2022\/09\/scuderie.png&#8221; admin_label=&#8221;VISITA LE SCUDERIE&#8221; module_id=&#8221;map-content-6&#8243; _builder_version=&#8221;4.19.0&#8243; _module_preset=&#8221;default&#8221; animation=&#8221;off&#8221; global_colors_info=&#8221;{}&#8221;]<\/p>\n<p>Designed by Engineer Carl Junker, the Stables were built between 1856 and 1860\u2026.<\/p>\n<p><!-- \n\n<p style=\"text-align: center;\"><a href=\"\/en\/the-stables\/\">visit<\/a><\/p>\n\n -->[\/et_pb_blurb][\/et_pb_column][\/et_pb_row][et_pb_row admin_label=&#8221;Row&#8221; _builder_version=&#8221;4.17.6&#8243; _module_preset=&#8221;default&#8221; width=&#8221;100%&#8221; max_width=&#8221;2560px&#8221; custom_padding=&#8221;0px||0px||true|false&#8221; global_colors_info=&#8221;{}&#8221;][et_pb_column type=&#8221;4_4&#8243; _builder_version=&#8221;4.17.6&#8243; _module_preset=&#8221;default&#8221; global_colors_info=&#8221;{}&#8221;][et_pb_text disabled_on=&#8221;on|off|off&#8221; admin_label=&#8221;Map desktop Image&#8221; _builder_version=&#8221;4.18.0&#8243; _module_preset=&#8221;default&#8221; custom_margin=&#8221;0px||0px||true|false&#8221; global_colors_info=&#8221;{}&#8221;]<\/p>\n<div class=\"map-image\">\n<p><img decoding=\"async\" src=\"https:\/\/miramare.cultura.gov.it\/wp-content\/uploads\/2022\/09\/mappa-museo-storico-parco-e-castello-miramare.jpg\" alt=\"Map Image\" usemap=\"#image-map\" \/><\/p>\n<map name=\"image-map\">\n<area title=\"il castello\" alt=\"il castello\" coords=\"870,305,852,376, 918,395,954,371,943,310,903,300\" shape=\"poly\" href=\"#map-content-1\" target=\"\" \/>\n<area title=\"il molo\" alt=\"il molo\" coords=\"1045,217,1080,174,1124,217,1131,252,1093,275,1041,254\" shape=\"poly\" href=\"#map-content-2\" target=\"\" \/>\n<area title=\"il castelletto\" alt=\"il castelletto\" coords=\"1231,132,1277,107,1320,134,1326,180,1289,201,1231,178\" shape=\"poly\" href=\"#map-content-3\" target=\"\" \/>\n<area title=\"le serre\" alt=\"le serre\" coords=\"1339,225,1386,213,1439,236,1440,260,1440,289,1397,312,1337,292\" shape=\"poly\" href=\"#map-content-4\" target=\"\" \/>\n<area title=\"il parco\" alt=\"il parco\" coords=\"1306,450,1309,418,1310,398,1318,317,1404,388,1405,424,1406,449,1367,475\" shape=\"poly\" href=\"#map-content-5\" target=\"\" \/>\n<area title=\"le scuderie\" alt=\"le scuderie\" coords=\"1612,717,1613,688,1623,672,1634,648,1689,656,1697,691,1702,718,1668,739,1617,733\" shape=\"poly\" href=\"#map-content-6\" target=\"\" \/> <\/map>\n<\/div>\n<p>[\/et_pb_text][et_pb_text disabled_on=&#8221;off|on|on&#8221; admin_label=&#8221;Map mobile Image&#8221; module_class=&#8221;map-mobile&#8221; _builder_version=&#8221;4.18.0&#8243; _module_preset=&#8221;default&#8221; custom_margin=&#8221;0px||0px||true|false&#8221; global_colors_info=&#8221;{}&#8221;]<\/p>\n<div class=\"map-image\">\n<p><img loading=\"lazy\" decoding=\"async\" class=\"alignnone wp-image-1258 size-full\" src=\"https:\/\/miramare.cultura.gov.it\/wp-content\/uploads\/2022\/08\/img_05123.jpg\" alt=\"\" width=\"1014\" height=\"795\" usemap=\"#image-map-mob\" srcset=\"https:\/\/miramare.cultura.gov.it\/wp-content\/uploads\/2022\/08\/img_05123.jpg 1014w, https:\/\/miramare.cultura.gov.it\/wp-content\/uploads\/2022\/08\/img_05123-980x768.jpg 980w, https:\/\/miramare.cultura.gov.it\/wp-content\/uploads\/2022\/08\/img_05123-480x376.jpg 480w\" sizes=\"(min-width: 0px) and (max-width: 480px) 480px, (min-width: 481px) and (max-width: 980px) 980px, (min-width: 981px) 1014px, 100vw\" \/><\/p>\n<map name=\"image-map-mob\">\n<area title=\"il castello\" alt=\"il castello\" coords=\"34,325,37,291,41,261,78,257,118,265,120,294,120,326,105,342,87,341,37,339\" shape=\"poly\" href=\"#map-content-1\" target=\"\" \/>\n<area title=\"il molo\" alt=\"il molo\" coords=\"212,205,215,172,219,137,255,135,294,141,295,173,295,207,295,225,265,226,213,223\" shape=\"poly\" href=\"#map-content-2\" target=\"\" \/>\n<area title=\"il castelletto\" alt=\"il castelletto\" coords=\"407,131,409,86,439,60,478,66,487,104,493,132,482,145,461,151,429,145\" shape=\"poly\" href=\"#map-content-3\" target=\"\" \/>\n<area title=\"le serre\" alt=\"le serre\" coords=\"514,244,520,216,523,204,521,187,542,174,560,170,588,175,600,185,598,215,608,233,605,254,568,266,524,295\" shape=\"poly\" href=\"#map-content-4\" target=\"\" \/>\n<area title=\"il parco\" alt=\"il parco\" coords=\"484,402,487,371,494,343,530,335,553,347,565,367,570,390,573,404,559,418,536,424,491,416\" shape=\"poly\" href=\"#map-content-5\" target=\"\" \/>\n<area title=\"le scuderie\" alt=\"le scuderie\" coords=\"787,669,787,639,810,604,850,603,867,642,865,659,875,671,855,687,837,689,795,679\" shape=\"poly\" href=\"#map-content-6\" target=\"\" \/><\/map>\n<\/div>\n<p>[\/et_pb_text][\/et_pb_column][\/et_pb_row][\/et_pb_section][et_pb_section fb_built=&#8221;1&#8243; module_class=&#8221;event-slider-section&#8221; _builder_version=&#8221;4.18.0&#8243; _module_preset=&#8221;default&#8221; global_colors_info=&#8221;{}&#8221;][et_pb_row _builder_version=&#8221;4.18.0&#8243; _module_preset=&#8221;default&#8221; background_enable_image=&#8221;off&#8221; parallax=&#8221;on&#8221; custom_padding=&#8221;0px||0px||true|false&#8221; global_colors_info=&#8221;{}&#8221;][et_pb_column type=&#8221;4_4&#8243; _builder_version=&#8221;4.17.6&#8243; _module_preset=&#8221;default&#8221; global_colors_info=&#8221;{}&#8221;][et_pb_text admin_label=&#8221;EXHIBITIONS&#8221; _builder_version=&#8221;4.19.0&#8243; _module_preset=&#8221;default&#8221; global_colors_info=&#8221;{}&#8221;]<\/p>\n<h2 style=\"text-align: center;\">EXHIBITIONS<\/h2>\n<p>[\/et_pb_text][\/et_pb_column][\/et_pb_row][et_pb_row disabled_on=&#8221;on|on|on&#8221; _builder_version=&#8221;4.18.0&#8243; _module_preset=&#8221;default&#8221; disabled=&#8221;on&#8221; global_colors_info=&#8221;{}&#8221;][et_pb_column type=&#8221;4_4&#8243; _builder_version=&#8221;4.18.0&#8243; _module_preset=&#8221;default&#8221; global_colors_info=&#8221;{}&#8221;][et_pb_image src=&#8221;https:\/\/miramare.cultura.gov.it\/wp-content\/uploads\/2022\/10\/20220715_MIRAMARE_locandinaA3_mostra-1.jpg&#8221; title_text=&#8221;20220715_MIRAMARE_locandinaA3_mostra-1&#8243; url=&#8221;\/events\/ars-botanica-giardini-di-carta\/&#8221; _builder_version=&#8221;4.18.0&#8243; _module_preset=&#8221;default&#8221; animation_style=&#8221;slide&#8221; animation_direction=&#8221;top&#8221; animation_delay=&#8221;100ms&#8221; animation_intensity_slide=&#8221;2%&#8221; global_colors_info=&#8221;{}&#8221;][\/et_pb_image][\/et_pb_column][\/et_pb_row][et_pb_row module_class=&#8221;event-slider-row&#8221; _builder_version=&#8221;4.18.0&#8243; _module_preset=&#8221;default&#8221; custom_padding=&#8221;0px||0px||true|false&#8221; global_colors_info=&#8221;{}&#8221;][et_pb_column type=&#8221;4_4&#8243; _builder_version=&#8221;4.18.0&#8243; _module_preset=&#8221;default&#8221; global_colors_info=&#8221;{}&#8221;][et_pb_code disabled_on=&#8221;off|off|off&#8221; admin_label=&#8221;Codice MOSTRE&#8221; _builder_version=&#8221;4.18.0&#8243; _module_preset=&#8221;default&#8221; custom_margin=&#8221;||||false|false&#8221; global_colors_info=&#8221;{}&#8221;] <div class=\"latest_event_wraper\"> \r\n      <div class=\"event_slider_wraper\"> \r\n              \r\n      <\/div>\r\n     <\/div>\r\n[\/et_pb_code][et_pb_text admin_label=&#8221;EVENTI&#8221; _builder_version=&#8221;4.19.0&#8243; _module_preset=&#8221;default&#8221; locked=&#8221;off&#8221; global_colors_info=&#8221;{}&#8221;]<\/p>\n<h2 style=\"text-align: center;\">EVENTS<\/h2>\n<p>[\/et_pb_text][et_pb_code module_class=&#8221;event-btm-slider&#8221; _builder_version=&#8221;4.21.0&#8243; _module_preset=&#8221;default&#8221; custom_margin=&#8221;50px||||false|false&#8221; global_colors_info=&#8221;{}&#8221;] <div class=\"latest_event_wraper\"> \r\n      <div class=\"event_slider_wraper\"> \r\n              \r\n      <\/div>\r\n     <\/div>\r\n[\/et_pb_code][et_pb_button button_url=&#8221;\/whats-on\/eventi-in-evidenza\/&#8221; button_text=&#8221;Featured Events&#8221; button_alignment=&#8221;center&#8221; disabled_on=&#8221;off|off|off&#8221; admin_label=&#8221;pulsante EVENTI IN EVIDENZA&#8221; module_class=&#8221;page-btn btn-border&#8221; _builder_version=&#8221;4.19.0&#8243; _module_preset=&#8221;default&#8221; custom_button=&#8221;on&#8221; button_border_width=&#8221;1px&#8221; button_border_color=&#8221;#e04164&#8243; global_colors_info=&#8221;{}&#8221;][\/et_pb_button][\/et_pb_column][\/et_pb_row][et_pb_row disabled_on=&#8221;on|on|on&#8221; _builder_version=&#8221;4.18.0&#8243; _module_preset=&#8221;default&#8221; custom_padding=&#8221;0px||0px||true|false&#8221; disabled=&#8221;on&#8221; global_colors_info=&#8221;{}&#8221;][et_pb_column type=&#8221;4_4&#8243; _builder_version=&#8221;4.17.6&#8243; _module_preset=&#8221;default&#8221; global_colors_info=&#8221;{}&#8221;][et_pb_text admin_label=&#8221;TITOLO EVENTI&#8221; _builder_version=&#8221;4.18.0&#8243; _module_preset=&#8221;default&#8221; global_colors_info=&#8221;{}&#8221;]<\/p>\n<h2 style=\"text-align: center;\">EVENTI<\/h2>\n<p>[\/et_pb_text][\/et_pb_column][\/et_pb_row][\/et_pb_section][et_pb_section fb_built=&#8221;1&#8243; admin_label=&#8221;Section Animation&#8221; module_id=&#8221;animate-section&#8221; _builder_version=&#8221;4.19.0&#8243; _module_preset=&#8221;default&#8221; background_enable_color=&#8221;off&#8221; background_enable_image=&#8221;off&#8221; background_position=&#8221;top_left&#8221; min_height=&#8221;100vh&#8221; min_height_tablet=&#8221;50vh&#8221; min_height_phone=&#8221;50vh&#8221; min_height_last_edited=&#8221;on|tablet&#8221; link_option_url=&#8221;\/en\/collezioni\/&#8221; global_colors_info=&#8221;{}&#8221;][et_pb_row module_class=&#8221;anim_content_row&#8221; _builder_version=&#8221;4.17.6&#8243; _module_preset=&#8221;default&#8221; background_enable_image=&#8221;off&#8221; background_size=&#8221;stretch&#8221; background_position=&#8221;top_left&#8221; global_colors_info=&#8221;{}&#8221;][et_pb_column type=&#8221;4_4&#8243; _builder_version=&#8221;4.17.6&#8243; _module_preset=&#8221;default&#8221; global_colors_info=&#8221;{}&#8221;][et_pb_text admin_label=&#8221;SCOPRI LE BELLEZZE NASCOSTE DEL NOSTRO PATRIMONIO&#8221; _builder_version=&#8221;4.19.0&#8243; _module_preset=&#8221;default&#8221; global_colors_info=&#8221;{}&#8221;]<\/p>\n<h2 style=\"text-align: center;\">DISCOVER THE HIDDEN BEAUTIES<br \/>\nOF OUR HERITAGE<\/h2>\n<p>[\/et_pb_text][\/et_pb_column][\/et_pb_row][et_pb_row column_structure=&#8221;1_2,1_2&#8243; admin_label=&#8221;Animation Row&#8221; module_class=&#8221;anim_row&#8221; _builder_version=&#8221;4.18.0&#8243; _module_preset=&#8221;default&#8221; background_enable_image=&#8221;off&#8221; background_position=&#8221;top_left&#8221; global_colors_info=&#8221;{}&#8221;][et_pb_column type=&#8221;1_2&#8243; module_class=&#8221;anim_img_bg_01&#8243; _builder_version=&#8221;4.18.0&#8243; _module_preset=&#8221;default&#8221; background_image=&#8221;https:\/\/miramare.cultura.gov.it\/wp-content\/uploads\/2022\/08\/bg_123.webp&#8221; background_position=&#8221;top_left&#8221; custom_css_main_element=&#8221;animation-duration: 5s !important;&#8221; global_colors_info=&#8221;{}&#8221;][\/et_pb_column][et_pb_column type=&#8221;1_2&#8243; module_class=&#8221;anim_img_bg_02&#8243; _builder_version=&#8221;4.18.0&#8243; _module_preset=&#8221;default&#8221; background_image=&#8221;https:\/\/miramare.cultura.gov.it\/wp-content\/uploads\/2022\/08\/bg_0123.webp&#8221; background_size=&#8221;stretch&#8221; global_colors_info=&#8221;{}&#8221;][\/et_pb_column][\/et_pb_row][\/et_pb_section][et_pb_section fb_built=&#8221;1&#8243; _builder_version=&#8221;4.18.0&#8243; _module_preset=&#8221;default&#8221; locked=&#8221;off&#8221; global_colors_info=&#8221;{}&#8221;][et_pb_row _builder_version=&#8221;4.18.0&#8243; _module_preset=&#8221;default&#8221; global_colors_info=&#8221;{}&#8221;][et_pb_column type=&#8221;4_4&#8243; _builder_version=&#8221;4.18.0&#8243; _module_preset=&#8221;default&#8221; global_colors_info=&#8221;{}&#8221;][et_pb_text admin_label=&#8221;ORARI&#8221; _builder_version=&#8221;4.19.0&#8243; _module_preset=&#8221;default&#8221; locked=&#8221;off&#8221; global_colors_info=&#8221;{}&#8221;]<\/p>\n<h2 style=\"text-align: center;\">TIMETABLES<\/h2>\n<p>[\/et_pb_text][et_pb_text admin_label=&#8221;Siamo aperti tutti i giorni della settimana &#8230;&#8221; _builder_version=&#8221;4.23.1&#8243; _module_preset=&#8221;default&#8221; global_colors_info=&#8221;{}&#8221;]<\/p>\n<p style=\"text-align: center;\">We are open all year round every day of the week! The Castle opens from 9 to 19. The Park opens every morning at 8.<\/p>\n<p>[\/et_pb_text][et_pb_button button_url=&#8221;https:\/\/miramare.cultura.gov.it\/en\/visit\/&#8221; button_text=&#8221;CHECK TIMETABLES&#8221; button_alignment=&#8221;center&#8221; admin_label=&#8221;pulsante CONSULTA GLI ORARI&#8221; module_class=&#8221;page-btn btn-border&#8221; _builder_version=&#8221;4.21.0&#8243; _module_preset=&#8221;default&#8221; custom_button=&#8221;on&#8221; button_border_width=&#8221;1px&#8221; button_border_color=&#8221;#e04164&#8243; locked=&#8221;off&#8221; global_colors_info=&#8221;{}&#8221;][\/et_pb_button][\/et_pb_column][\/et_pb_row][\/et_pb_section][et_pb_section fb_built=&#8221;1&#8243; module_class=&#8221;img_box_section&#8221; _builder_version=&#8221;4.17.6&#8243; _module_preset=&#8221;default&#8221; global_colors_info=&#8221;{}&#8221;][et_pb_row use_custom_gutter=&#8221;on&#8221; _builder_version=&#8221;4.17.6&#8243; _module_preset=&#8221;default&#8221; global_colors_info=&#8221;{}&#8221;][et_pb_column type=&#8221;4_4&#8243; _builder_version=&#8221;4.17.6&#8243; _module_preset=&#8221;default&#8221; global_colors_info=&#8221;{}&#8221;][et_pb_blurb title=&#8221;EDUCATIONAL SERVICES&#8221; image=&#8221;https:\/\/miramare.cultura.gov.it\/wp-content\/uploads\/2022\/08\/img_12.jpg&#8221; admin_label=&#8221;SERVIZI EDUCATIVI&#8221; _builder_version=&#8221;4.19.0&#8243; _module_preset=&#8221;default&#8221; animation=&#8221;off&#8221; link_option_url=&#8221;https:\/\/miramare.cultura.gov.it\/en\/attivita-educative\/&#8221; global_colors_info=&#8221;{}&#8221;][\/et_pb_blurb][\/et_pb_column][\/et_pb_row][et_pb_row use_custom_gutter=&#8221;on&#8221; module_class=&#8221;img_box-row&#8221; _builder_version=&#8221;4.17.6&#8243; _module_preset=&#8221;default&#8221; global_colors_info=&#8221;{}&#8221;][et_pb_column type=&#8221;4_4&#8243; _builder_version=&#8221;4.17.6&#8243; _module_preset=&#8221;default&#8221; global_colors_info=&#8221;{}&#8221;][et_pb_blurb title=&#8221;MIRAKIDS&#8221; image=&#8221;https:\/\/miramare.cultura.gov.it\/wp-content\/uploads\/2022\/08\/img_14.jpg&#8221; admin_label=&#8221;Mirakids&#8221; _builder_version=&#8221;4.19.0&#8243; _module_preset=&#8221;default&#8221; animation=&#8221;off&#8221; link_option_url=&#8221;https:\/\/miramare.cultura.gov.it\/en\/attivita-educative\/#mirakids&#8221; global_colors_info=&#8221;{}&#8221;][\/et_pb_blurb][et_pb_blurb title=&#8221;WORK OF THE MONTH&#8221; url=&#8221;https:\/\/miramare.cultura.gov.it\/en\/collezioni\/&#8221; image=&#8221;https:\/\/miramare.cultura.gov.it\/wp-content\/uploads\/2022\/08\/img_15.jpg&#8221; admin_label=&#8221;opera del mese&#8221; _builder_version=&#8221;4.19.0&#8243; _module_preset=&#8221;default&#8221; animation=&#8221;off&#8221; link_option_url=&#8221;https:\/\/miramare.cultura.gov.it\/en\/collezioni\/&#8221; global_colors_info=&#8221;{}&#8221;][\/et_pb_blurb][\/et_pb_column][\/et_pb_row][\/et_pb_section][et_pb_section fb_built=&#8221;1&#8243; _builder_version=&#8221;4.17.6&#8243; _module_preset=&#8221;default&#8221; global_colors_info=&#8221;{}&#8221;][et_pb_row _builder_version=&#8221;4.17.6&#8243; _module_preset=&#8221;default&#8221; custom_padding=&#8221;0px||0px||true|false&#8221; global_colors_info=&#8221;{}&#8221;][et_pb_column type=&#8221;4_4&#8243; _builder_version=&#8221;4.17.6&#8243; _module_preset=&#8221;default&#8221; global_colors_info=&#8221;{}&#8221;][et_pb_text _builder_version=&#8221;4.17.6&#8243; _module_preset=&#8221;default&#8221; global_colors_info=&#8221;{}&#8221;]<\/p>\n<h2 style=\"text-align: center;\">MIRAMARE nEWS<\/h2>\n<p>[\/et_pb_text][et_pb_code disabled_on=&#8221;on|on|on&#8221; _builder_version=&#8221;4.18.0&#8243; _module_preset=&#8221;default&#8221; disabled=&#8221;on&#8221; global_colors_info=&#8221;{}&#8221;]        <div class=\"post_wraper\">       \r\n        <div class=\"row\">\r\n                        \r\n            <div class=\"col-lg-5\">\r\n                <div class=\"post-grid large\">\r\n                    <div class=\"post-img\"><a href=\"https:\/\/miramare.cultura.gov.it\/en\/avviso-ai-visitatori-avvio-lavori-nuovo-ascensore-di-grignano\/\"><img loading=\"lazy\" decoding=\"async\" width=\"2560\" height=\"1707\" src=\"https:\/\/miramare.cultura.gov.it\/wp-content\/uploads\/2026\/01\/foto-di-F.Parenzan-188-scaled.jpg\" class=\"attachment-post-thumbnail size-post-thumbnail wp-post-image\" alt=\"\" srcset=\"https:\/\/miramare.cultura.gov.it\/wp-content\/uploads\/2026\/01\/foto-di-F.Parenzan-188-scaled.jpg 2560w, https:\/\/miramare.cultura.gov.it\/wp-content\/uploads\/2026\/01\/foto-di-F.Parenzan-188-1280x854.jpg 1280w, https:\/\/miramare.cultura.gov.it\/wp-content\/uploads\/2026\/01\/foto-di-F.Parenzan-188-980x653.jpg 980w, https:\/\/miramare.cultura.gov.it\/wp-content\/uploads\/2026\/01\/foto-di-F.Parenzan-188-480x320.jpg 480w\" sizes=\"(min-width: 0px) and (max-width: 480px) 480px, (min-width: 481px) and (max-width: 980px) 980px, (min-width: 981px) and (max-width: 1280px) 1280px, (min-width: 1281px) 2560px, 100vw\" \/><\/a><\/div>\r\n                    <div class=\"post-text\">\r\n                        <div class=\"post-date\">2 January 2026<\/div>\r\n                        <h4><a href=\"https:\/\/miramare.cultura.gov.it\/en\/avviso-ai-visitatori-avvio-lavori-nuovo-ascensore-di-grignano\/\">Notice to Visitors \u2013 Start of Works for the New Grignano Lift from 12 January 2026<\/a><\/h4>\r\n                        <p><\/p>\r\n                    <\/div>\r\n                <\/div>\r\n            <\/div>\r\n                                                                      <div class=\"col-lg-7\"> \r\n                <div class=\"row\">\r\n                                                        <div class=\"col-md-7\">\r\n                        <div class=\"post-grid medium\">\r\n                            <div class=\"post-img\"><a href=\"https:\/\/miramare.cultura.gov.it\/en\/avviso-al-pubblico-intervento-di-restauro-delle-statue-lignee-dei-paggi-lampofori-scalone-donore\/\"><img loading=\"lazy\" decoding=\"async\" width=\"1920\" height=\"1281\" src=\"https:\/\/miramare.cultura.gov.it\/wp-content\/uploads\/2023\/09\/Scalone-donore.jpg\" class=\"attachment-post-thumbnail size-post-thumbnail wp-post-image\" alt=\"\" srcset=\"https:\/\/miramare.cultura.gov.it\/wp-content\/uploads\/2023\/09\/Scalone-donore.jpg 1920w, https:\/\/miramare.cultura.gov.it\/wp-content\/uploads\/2023\/09\/Scalone-donore-1280x854.jpg 1280w, https:\/\/miramare.cultura.gov.it\/wp-content\/uploads\/2023\/09\/Scalone-donore-980x654.jpg 980w, https:\/\/miramare.cultura.gov.it\/wp-content\/uploads\/2023\/09\/Scalone-donore-480x320.jpg 480w\" sizes=\"(min-width: 0px) and (max-width: 480px) 480px, (min-width: 481px) and (max-width: 980px) 980px, (min-width: 981px) and (max-width: 1280px) 1280px, (min-width: 1281px) 1920px, 100vw\" \/><\/a><\/div>\r\n                            <div class=\"post-text\">\r\n                                <div class=\"post-date\">14 October 2025<\/div>\r\n                                <h4><a href=\"https:\/\/miramare.cultura.gov.it\/en\/avviso-al-pubblico-intervento-di-restauro-delle-statue-lignee-dei-paggi-lampofori-scalone-donore\/\">NOTICE TO THE PUBLIC: Restoration work on the wooden statues of the lamp-bearers | Grand staircase<\/a><\/h4>\r\n                                <p><\/p>\r\n                            <\/div>\r\n                        <\/div>\r\n                    <\/div>\r\n                                                                                                                                                                 <div class=\"col-md-5\">\r\n                        <div class=\"post-grid medium\">\r\n                            <div class=\"post-img\"><a href=\"https:\/\/miramare.cultura.gov.it\/en\/avviso-al-pubblico-lavori-in-corso-area-parcheggio\/\"><img loading=\"lazy\" decoding=\"async\" width=\"2560\" height=\"1707\" src=\"https:\/\/miramare.cultura.gov.it\/wp-content\/uploads\/2025\/09\/foto-di-F.Parenzan-147-scaled.jpg\" class=\"attachment-post-thumbnail size-post-thumbnail wp-post-image\" alt=\"\" srcset=\"https:\/\/miramare.cultura.gov.it\/wp-content\/uploads\/2025\/09\/foto-di-F.Parenzan-147-scaled.jpg 2560w, https:\/\/miramare.cultura.gov.it\/wp-content\/uploads\/2025\/09\/foto-di-F.Parenzan-147-1280x854.jpg 1280w, https:\/\/miramare.cultura.gov.it\/wp-content\/uploads\/2025\/09\/foto-di-F.Parenzan-147-980x653.jpg 980w, https:\/\/miramare.cultura.gov.it\/wp-content\/uploads\/2025\/09\/foto-di-F.Parenzan-147-480x320.jpg 480w\" sizes=\"(min-width: 0px) and (max-width: 480px) 480px, (min-width: 481px) and (max-width: 980px) 980px, (min-width: 981px) and (max-width: 1280px) 1280px, (min-width: 1281px) 2560px, 100vw\" \/><\/a><\/div>\r\n                            <div class=\"post-text\">\r\n                                <div class=\"post-date\">24 September 2025<\/div>\r\n\r\n                                <h4><a href=\"https:\/\/miramare.cultura.gov.it\/en\/avviso-al-pubblico-lavori-in-corso-area-parcheggio\/\">AVVISO AL PUBBLICO - LAVORI IN CORSO AREA PARCHEGGIO<\/a><\/h4>\r\n                                <p><\/p>\r\n                            <\/div>\r\n                        <\/div>\r\n                    <\/div>\r\n                                                         <\/div>\r\n                                                                                                                                                                               \r\n                  \r\n                <div class=\"row\">\r\n                    \r\n                                       <div class=\"col-md-7\">\r\n                        <div class=\"post-grid small\">\r\n                            <div class=\"post-img\"><a href=\"https:\/\/miramare.cultura.gov.it\/en\/avviso-al-pubblico-parcheggio-temporaneamente-interdetto\/\"><img loading=\"lazy\" decoding=\"async\" width=\"2560\" height=\"1707\" src=\"https:\/\/miramare.cultura.gov.it\/wp-content\/uploads\/2025\/09\/foto-di-F.Parenzan-147-scaled.jpg\" class=\"attachment-post-thumbnail size-post-thumbnail wp-post-image\" alt=\"\" srcset=\"https:\/\/miramare.cultura.gov.it\/wp-content\/uploads\/2025\/09\/foto-di-F.Parenzan-147-scaled.jpg 2560w, https:\/\/miramare.cultura.gov.it\/wp-content\/uploads\/2025\/09\/foto-di-F.Parenzan-147-1280x854.jpg 1280w, https:\/\/miramare.cultura.gov.it\/wp-content\/uploads\/2025\/09\/foto-di-F.Parenzan-147-980x653.jpg 980w, https:\/\/miramare.cultura.gov.it\/wp-content\/uploads\/2025\/09\/foto-di-F.Parenzan-147-480x320.jpg 480w\" sizes=\"(min-width: 0px) and (max-width: 480px) 480px, (min-width: 481px) and (max-width: 980px) 980px, (min-width: 981px) and (max-width: 1280px) 1280px, (min-width: 1281px) 2560px, 100vw\" \/><\/a><\/div>\r\n                            <div class=\"post-text\">\r\n\r\n                                <h4><a href=\"https:\/\/miramare.cultura.gov.it\/en\/avviso-al-pubblico-parcheggio-temporaneamente-interdetto\/\">NOTICE TO THE PUBLIC - Parking temporarily prohibited <\/a><\/h4>\r\n\r\n                            <\/div>\r\n                        <\/div>\r\n                    <\/div>\r\n                                                                                                                                                                 <div class=\"col-md-5\">\r\n                        <div class=\"post-grid small\">\r\n                            <div class=\"post-img\"><a href=\"https:\/\/miramare.cultura.gov.it\/en\/avviso-al-pubbico-bagni-parcheggio-temporaneamente-chiusi\/\"><img loading=\"lazy\" decoding=\"async\" width=\"2048\" height=\"1152\" src=\"https:\/\/miramare.cultura.gov.it\/wp-content\/uploads\/2025\/04\/406866630_866885635440773_4512973219412531971_n.jpg\" class=\"attachment-post-thumbnail size-post-thumbnail wp-post-image\" alt=\"\" srcset=\"https:\/\/miramare.cultura.gov.it\/wp-content\/uploads\/2025\/04\/406866630_866885635440773_4512973219412531971_n.jpg 2048w, https:\/\/miramare.cultura.gov.it\/wp-content\/uploads\/2025\/04\/406866630_866885635440773_4512973219412531971_n-1280x720.jpg 1280w, https:\/\/miramare.cultura.gov.it\/wp-content\/uploads\/2025\/04\/406866630_866885635440773_4512973219412531971_n-980x551.jpg 980w, https:\/\/miramare.cultura.gov.it\/wp-content\/uploads\/2025\/04\/406866630_866885635440773_4512973219412531971_n-480x270.jpg 480w\" sizes=\"(min-width: 0px) and (max-width: 480px) 480px, (min-width: 481px) and (max-width: 980px) 980px, (min-width: 981px) and (max-width: 1280px) 1280px, (min-width: 1281px) 2048px, 100vw\" \/><\/a><\/div>\r\n                            <div class=\"post-text\">\r\n                                <!--<p>COLEZIONI<\/p>-->\r\n                                <h4><a href=\"https:\/\/miramare.cultura.gov.it\/en\/avviso-al-pubbico-bagni-parcheggio-temporaneamente-chiusi\/\">NOTICE TO THE PUBLIC: PARKING BATHROOMS TEMPORARILY CLOSED<\/a><\/h4>\r\n                            <\/div>\r\n                        <\/div>\r\n\r\n                    <\/div>\r\n                                                            <\/div>\r\n                                           \r\n        <\/div>\r\n    <\/div>\r\n[\/et_pb_code][et_pb_blog fullwidth=&#8221;off&#8221; posts_number=&#8221;3&#8243; include_categories=&#8221;34&#8243; meta_date=&#8221;d.m.Y&#8221; show_author=&#8221;off&#8221; show_categories=&#8221;off&#8221; show_excerpt=&#8221;off&#8221; show_pagination=&#8221;off&#8221; _builder_version=&#8221;4.18.0&#8243; _module_preset=&#8221;default&#8221; global_colors_info=&#8221;{}&#8221;][\/et_pb_blog][et_pb_button button_url=&#8221;\/en\/whats-on\/news\/&#8221; button_text=&#8221;ALL THE NEWS&#8221; button_alignment=&#8221;right&#8221; button_alignment_tablet=&#8221;center&#8221; button_alignment_phone=&#8221;center&#8221; button_alignment_last_edited=&#8221;on|phone&#8221; disabled_on=&#8221;off|off|off&#8221; module_class=&#8221;page-btn&#8221; _builder_version=&#8221;4.19.0&#8243; _module_preset=&#8221;default&#8221; locked=&#8221;off&#8221; global_colors_info=&#8221;{}&#8221;][\/et_pb_button][\/et_pb_column][\/et_pb_row][\/et_pb_section]<\/p>\n","protected":false},"excerpt":{"rendered":"<p>[et_pb_section fb_built=&#8221;1&#8243; module_class=&#8221;banner-section&#8221; _builder_version=&#8221;4.17.6&#8243; _module_preset=&#8221;default&#8221; background_enable_image=&#8221;off&#8221; background_video_mp4=&#8221;https:\/\/miramare.cultura.gov.it\/wp-content\/uploads\/2022\/08\/miramare-home-test.mp4&#8243; module_alignment=&#8221;center&#8221; min_height=&#8221;100vh&#8221; global_colors_info=&#8221;{}&#8221;][et_pb_row _builder_version=&#8221;4.17.6&#8243; _module_preset=&#8221;default&#8221; global_colors_info=&#8221;{}&#8221;][et_pb_column type=&#8221;4_4&#8243; _builder_version=&#8221;4.17.6&#8243; _module_preset=&#8221;default&#8221; global_colors_info=&#8221;{}&#8221;][et_pb_text _builder_version=&#8221;4.19.0&#8243; _module_preset=&#8221;default&#8221; text_text_color=&#8221;#FFFFFF&#8221; global_colors_info=&#8221;{}&#8221;] A NOBLE AND ROMANTIC PLACEmade of ART, NATURE AND BEAUTY [\/et_pb_text][\/et_pb_column][\/et_pb_row][et_pb_row module_class=&#8221;banner-btm-section&#8221; _builder_version=&#8221;4.17.6&#8243; _module_preset=&#8221;default&#8221; custom_padding=&#8221;||0px||false|false&#8221; global_colors_info=&#8221;{}&#8221;][et_pb_column type=&#8221;4_4&#8243; _builder_version=&#8221;4.17.6&#8243; _module_preset=&#8221;default&#8221; global_colors_info=&#8221;{}&#8221;][et_pb_social_media_follow _builder_version=&#8221;4.19.0&#8243; _module_preset=&#8221;default&#8221; global_colors_info=&#8221;{}&#8221;][et_pb_social_media_follow_network social_network=&#8221;youtube&#8221; url=&#8221;https:\/\/www.youtube.com\/channel\/UCJsGMDwhAnc2FpDWKQzzQaw&#8221; _builder_version=&#8221;4.19.0&#8243; _module_preset=&#8221;default&#8221; background_color=&#8221;#a82400&#8243; global_colors_info=&#8221;{}&#8221; follow_button=&#8221;off&#8221; url_new_window=&#8221;on&#8221;]youtube[\/et_pb_social_media_follow_network][et_pb_social_media_follow_network social_network=&#8221;instagram&#8221; url=&#8221;https:\/\/www.instagram.com\/museomiramare\/&#8221; _builder_version=&#8221;4.18.0&#8243; [&hellip;]<\/p>\n","protected":false},"author":1,"featured_media":0,"parent":0,"menu_order":0,"comment_status":"closed","ping_status":"closed","template":"","meta":{"_et_pb_use_builder":"on","_et_pb_old_content":"[et_pb_section fb_built=\"1\" module_class=\"banner-section\" _builder_version=\"4.17.6\" _module_preset=\"default\" background_enable_image=\"off\" background_video_mp4=\"https:\/\/miramare.cultura.gov.it\/wp-content\/uploads\/2022\/08\/miramare-home-test.mp4\" module_alignment=\"center\" min_height=\"100vh\" global_colors_info=\"{}\"][et_pb_row _builder_version=\"4.17.6\" _module_preset=\"default\" global_colors_info=\"{}\"][et_pb_column type=\"4_4\" _builder_version=\"4.17.6\" _module_preset=\"default\" global_colors_info=\"{}\"][et_pb_text _builder_version=\"4.18.0\" _module_preset=\"default\" text_text_color=\"#FFFFFF\" global_colors_info=\"{}\"]<h1 style=\"text-align: center;\">UN LUOGO NOBILE E ROMATICO \r\nTRA ARTE, NATURA E BELLEZZA<\/h1>\r\n<!-- <p style=\"text-align: center;\">Un castello da sogno affacciato sul mare.<br \/>Un parco straordinario e una storia affascinante.<\/p> -->[\/et_pb_text][\/et_pb_column][\/et_pb_row][et_pb_row module_class=\"banner-btm-section\" _builder_version=\"4.17.6\" _module_preset=\"default\" custom_padding=\"||0px||false|false\" global_colors_info=\"{}\"][et_pb_column type=\"4_4\" _builder_version=\"4.17.6\" _module_preset=\"default\" global_colors_info=\"{}\"][et_pb_social_media_follow _builder_version=\"4.18.0\" _module_preset=\"default\" global_colors_info=\"{}\"][et_pb_social_media_follow_network social_network=\"youtube\" url=\"https:\/\/www.youtube.com\/channel\/UCJsGMDwhAnc2FpDWKQzzQaw\" _builder_version=\"4.18.0\" _module_preset=\"default\" background_color=\"#a82400\" global_colors_info=\"{}\" follow_button=\"off\" url_new_window=\"on\"]youtube[\/et_pb_social_media_follow_network][et_pb_social_media_follow_network social_network=\"instagram\" url=\"https:\/\/www.instagram.com\/museomiramare\/\" _builder_version=\"4.18.0\" _module_preset=\"default\" background_color=\"#ea2c59\" global_colors_info=\"{}\" follow_button=\"off\" url_new_window=\"on\"]instagram[\/et_pb_social_media_follow_network][et_pb_social_media_follow_network social_network=\"twitter\" url=\"https:\/\/twitter.com\/museomiramare\/\" _builder_version=\"4.18.0\" _module_preset=\"default\" background_color=\"#00aced\" global_colors_info=\"{}\" follow_button=\"off\" url_new_window=\"on\"]twitter[\/et_pb_social_media_follow_network][et_pb_social_media_follow_network social_network=\"facebook\" url=\"https:\/\/www.facebook.com\/museomiramare\/\" _builder_version=\"4.18.0\" _module_preset=\"default\" background_color=\"#3b5998\" global_colors_info=\"{}\" follow_button=\"off\" url_new_window=\"on\"]facebook[\/et_pb_social_media_follow_network][\/et_pb_social_media_follow][\/et_pb_column][\/et_pb_row][\/et_pb_section][et_pb_section fb_built=\"1\" module_class=\"text-parallax-section\" _builder_version=\"4.18.0\" _module_preset=\"default\" background_image=\"https:\/\/miramare.cultura.gov.it\/wp-content\/uploads\/2022\/08\/bg_0153.webp\" parallax=\"on\" custom_padding=\"0px||0px||true|false\" background_last_edited=\"on|desktop\" background_enable_image_tablet=\"off\" parallax_tablet=\"off\" saved_tabs=\"all\" global_colors_info=\"{}\"][et_pb_row column_structure=\"2_5,3_5\" _builder_version=\"4.17.6\" _module_preset=\"default\" background_enable_color=\"off\" width=\"100%\" max_width=\"2560px\" module_alignment=\"right\" custom_padding=\"0px||0px||true|false\" global_colors_info=\"{}\"][et_pb_column type=\"2_5\" disabled_on=\"on|off|off\" _builder_version=\"4.17.6\" _module_preset=\"default\" background_enable_color=\"off\" global_colors_info=\"{}\"][\/et_pb_column][et_pb_column type=\"3_5\" module_class=\"pd-right para-top-right-column\" _builder_version=\"4.17.6\" _module_preset=\"default\" background_enable_color=\"off\" global_colors_info=\"{}\"][et_pb_text admin_label=\"testo per home page\" _builder_version=\"4.18.0\" _module_preset=\"default\" display_conditions=\"W3siaWQiOiI5ZWM4NzMxOC0xMzMwLTQ2ZjktYTk0NC1kZjRlNzA3NTg3NTciLCJjb25kaXRpb24iOiJwYWdlIiwiY29uZGl0aW9uU2V0dGluZ3MiOnsiZGlzcGxheVJ1bGUiOiJpcyIsImR5bmFtaWNQb3N0cyI6W3sibGFiZWwiOiJIb21lIiwidmFsdWUiOiI0NjYifV0sInBvc3RUeXBlTGFiZWwiOiJQYWdpbmUiLCJhZG1pbkxhYmVsIjoiUGFnaW5lIiwiZW5hYmxlQ29uZGl0aW9uIjoib24ifSwib3BlcmF0b3IiOiJPUiJ9XQ==\" global_colors_info=\"{}\"]Un castello, una storia, un Impero.<br \/>\r\nUna collezione eclettica che raccoglie opere e stili da tutto il mondo.[\/et_pb_text][et_pb_code module_class=\"top-right-shape\" _builder_version=\"4.17.6\" _module_preset=\"default\" global_colors_info=\"{}\"]<div class=\"custom-shape-divider-top-right\"><!-- [et_pb_line_break_holder] -->    <svg data-name=\"Layer 1\" xmlns=\"http:\/\/www.w3.org\/2000\/svg\" viewBox=\"0 0 1200 120\" preserveAspectRatio=\"none\"><!-- [et_pb_line_break_holder] -->        <path d=\"M1200 0L0 0 598.97 114.72 1200 0z\" class=\"shape-fill\"><\/path><!-- [et_pb_line_break_holder] -->    <\/svg><!-- [et_pb_line_break_holder] --><\/div>[\/et_pb_code][\/et_pb_column][\/et_pb_row][et_pb_row disabled_on=\"off|off|off\" module_class=\"text_para_img\" _builder_version=\"4.18.0\" _module_preset=\"default\" background_image=\"https:\/\/miramare.cultura.gov.it\/wp-content\/uploads\/2022\/08\/bg_0153.webp\" width=\"100%\" max_width=\"2560px\" min_height=\"50vh\" global_colors_info=\"{}\"][et_pb_column type=\"4_4\" _builder_version=\"4.18.0\" _module_preset=\"default\" global_colors_info=\"{}\"][\/et_pb_column][\/et_pb_row][et_pb_row column_structure=\"2_5,3_5\" _builder_version=\"4.17.6\" _module_preset=\"default\" global_colors_info=\"{}\"][et_pb_column type=\"2_5\" module_class=\"pd-left para-btm-left-column\" _builder_version=\"4.17.6\" _module_preset=\"default\" global_colors_info=\"{}\"][et_pb_text admin_label=\"testo per home page\" _builder_version=\"4.18.0\" _module_preset=\"default\" display_conditions=\"W3siaWQiOiI4OWFjNDMyMC00MDExLTQyZDAtOWVkMS0yODU0OTI2N2UyYWQiLCJjb25kaXRpb24iOiJwYWdlIiwiY29uZGl0aW9uU2V0dGluZ3MiOnsiZGlzcGxheVJ1bGUiOiJpcyIsImR5bmFtaWNQb3N0cyI6W3sibGFiZWwiOiJIb21lIiwidmFsdWUiOiI0NjYifV0sInBvc3RUeXBlTGFiZWwiOiJQYWdpbmUiLCJhZG1pbkxhYmVsIjoiUGFnaW5lIiwiZW5hYmxlQ29uZGl0aW9uIjoib24ifSwib3BlcmF0b3IiOiJPUiJ9XQ==\" global_colors_info=\"{}\"]Un parco che contiene molti giardini.<br \/>\r\nUn'emozione di colori, suoni e profumi.[\/et_pb_text][et_pb_code module_class=\"bottom-left-shape\" _builder_version=\"4.18.0\" _module_preset=\"default\" global_colors_info=\"{}\"]<div class=\"custom-shape-divider-bottom-left\"><!-- [et_pb_line_break_holder] -->    <svg data-name=\"Layer 1\" xmlns=\"http:\/\/www.w3.org\/2000\/svg\" viewBox=\"0 0 1200 120\" preserveAspectRatio=\"none\"><!-- [et_pb_line_break_holder] -->        <path d=\"M1200 0L0 0 892.25 114.72 1200 0z\" class=\"shape-fill\"><\/path><!-- [et_pb_line_break_holder] -->    <\/svg><!-- [et_pb_line_break_holder] --><\/div>[\/et_pb_code][\/et_pb_column][et_pb_column type=\"3_5\" _builder_version=\"4.17.6\" _module_preset=\"default\" global_colors_info=\"{}\"][\/et_pb_column][\/et_pb_row][\/et_pb_section][et_pb_section fb_built=\"1\" admin_label=\"Map\" _builder_version=\"4.17.6\" _module_preset=\"default\" custom_padding=\"0px||0px||true|false\" global_colors_info=\"{}\"][et_pb_row module_class=\"map-content-row\" _builder_version=\"4.17.6\" _module_preset=\"default\" global_colors_info=\"{}\"][et_pb_column type=\"4_4\" _builder_version=\"4.17.6\" _module_preset=\"default\" global_colors_info=\"{}\"][et_pb_blurb title=\"VISITA IL CASTELLO\" image=\"https:\/\/miramare.cultura.gov.it\/wp-content\/uploads\/2022\/09\/castello.png\" admin_label=\"VISITA IL CASTELLO\" module_id=\"map-content-1\" _builder_version=\"4.18.0\" _module_preset=\"default\" animation=\"off\" global_colors_info=\"{}\"]<p style=\"text-align: center;\">Il Castello di Miramare domina il Golfo di Trieste e si protende a picco sul mare: con il suo stile eclettico e la sua bianca pietra d\u2019Istria \u00e8 inconfondibile da ogni luogo lo si osservi.<\/p>\r\n<p style=\"text-align: center;\"><a href=\"\/il-castello\/\">visita<\/a><\/p>[\/et_pb_blurb][et_pb_blurb title=\"VISITA IL MOLO\" image=\"https:\/\/miramare.cultura.gov.it\/wp-content\/uploads\/2022\/09\/sfinge.png\" admin_label=\"VISITA IL MOLO\" module_id=\"map-content-2\" _builder_version=\"4.18.0\" _module_preset=\"default\" animation=\"off\" global_colors_info=\"{}\"]<p style=\"text-align: center;\">In testa al molo d'ingresso al porticciolo \u00e8 collocata una Sfinge. \u00c8 una scultura in granito rosso di epoca tolemaica, databile al III secolo a.C. ed \u00e8 l\u2019unica superstite di una ricca collezione di reperti egizi che l\u2019arciduca possedeva.<\/p>\r\n<p style=\"text-align: center;\"><a href=\"\/il-molo\/\">visita<\/a><\/p>[\/et_pb_blurb][et_pb_blurb title=\"VISITA IL CASTELLETTO\" image=\"https:\/\/miramare.cultura.gov.it\/wp-content\/uploads\/2022\/09\/castelletto.png\" admin_label=\"VISITA IL CASTELLETTO\" module_id=\"map-content-3\" _builder_version=\"4.18.0\" _module_preset=\"default\" animation=\"off\" global_colors_info=\"{}\"]<p style=\"text-align: center;\">Il piccolo Castelletto imita in scala ridotta gli esterni eclettici della residenza principale...<\/p>\r\n<p style=\"text-align: center;\"><a href=\"\/il-castelletto\/\">visita<\/a><\/p>[\/et_pb_blurb][et_pb_blurb title=\"VISITA LE SERRE\" image=\"https:\/\/miramare.cultura.gov.it\/wp-content\/uploads\/2022\/09\/serre.png\" admin_label=\"VISITA LE SERRE\" module_id=\"map-content-4\" _builder_version=\"4.18.0\" _module_preset=\"default\" animation=\"off\" global_colors_info=\"{}\"]<p style=\"text-align: center;\">Nel piazzale antistante del Castelletto sorge l\u2019edificio delle serre vecchie e a pochi passi si incontrano le serre nuove ...<\/p>\r\n<p style=\"text-align: center;\"><a href=\"\/le-serre\/\">visita<\/a><\/p>[\/et_pb_blurb][et_pb_blurb title=\"VISITA IL PARCO\" image=\"https:\/\/miramare.cultura.gov.it\/wp-content\/uploads\/2022\/08\/img_010.png\" admin_label=\"Il parco\" module_id=\"map-content-5\" _builder_version=\"4.18.0\" _module_preset=\"default\" animation=\"off\" global_colors_info=\"{}\"]<p style=\"text-align: center;\">Con i suoi ventidue ettari di superficie, sorge sul promontorio roccioso di Grignano... <\/p>\r\n<p style=\"text-align: center;\"><a href=\"\/il-parco\/\">visita<\/a><\/p>[\/et_pb_blurb][et_pb_blurb title=\"VISITA LE SCUDERIE\" image=\"https:\/\/miramare.cultura.gov.it\/wp-content\/uploads\/2022\/09\/scuderie.png\" admin_label=\"VISITA LE SCUDERIE\" module_id=\"map-content-6\" _builder_version=\"4.18.0\" _module_preset=\"default\" animation=\"off\" global_colors_info=\"{}\"]<p style=\"text-align: center;\">Progettate dall\u2019ingegnere Carl Junker, le Scuderie furono costruite tra il 1856 e il 1860... <\/p>\r\n<p style=\"text-align: center;\"><a href=\"\/le-scuderie\/\">visita<\/a><\/p>[\/et_pb_blurb][\/et_pb_column][\/et_pb_row][et_pb_row admin_label=\"Row\" _builder_version=\"4.17.6\" _module_preset=\"default\" width=\"100%\" max_width=\"2560px\" custom_padding=\"0px||0px||true|false\" global_colors_info=\"{}\"][et_pb_column type=\"4_4\" _builder_version=\"4.17.6\" _module_preset=\"default\" global_colors_info=\"{}\"][et_pb_text disabled_on=\"on|off|off\" admin_label=\"Map desktop Image\" _builder_version=\"4.18.0\" _module_preset=\"default\" custom_margin=\"0px||0px||true|false\" global_colors_info=\"{}\"]<div class=\"map-image\">\r\n<p><img src=\"https:\/\/miramare.cultura.gov.it\/wp-content\/uploads\/2022\/09\/mappa-museo-storico-parco-e-castello-miramare.jpg\" alt=\"Map Image\" usemap=\"#image-map\" \/><\/p>\r\n<map name=\"image-map\">\r\n<area title=\"il castello\" alt=\"il castello\" coords=\"870,305,852,376, 918,395,954,371,943,310,903,300\" shape=\"poly\" href=\"#map-content-1\" target=\"\" \/>\r\n<area title=\"il molo\" alt=\"il molo\" coords=\"1045,217,1080,174,1124,217,1131,252,1093,275,1041,254\" shape=\"poly\" href=\"#map-content-2\" target=\"\" \/>\r\n<area title=\"il castelletto\" alt=\"il castelletto\" coords=\"1231,132,1277,107,1320,134,1326,180,1289,201,1231,178\" shape=\"poly\" href=\"#map-content-3\" target=\"\" \/>\r\n<area title=\"le serre\" alt=\"le serre\" coords=\"1339,225,1386,213,1439,236,1440,260,1440,289,1397,312,1337,292\" shape=\"poly\" href=\"#map-content-4\" target=\"\" \/>\r\n<area title=\"il parco\" alt=\"il parco\" coords=\"1306,450,1309,418,1310,398,1318,317,1404,388,1405,424,1406,449,1367,475\" shape=\"poly\" href=\"#map-content-5\" target=\"\" \/>\r\n<area title=\"le scuderie\" alt=\"le scuderie\" coords=\"1612,717,1613,688,1623,672,1634,648,1689,656,1697,691,1702,718,1668,739,1617,733\" shape=\"poly\" href=\"#map-content-6\" target=\"\" \/> <\/map>\r\n<\/div>[\/et_pb_text][et_pb_text disabled_on=\"off|on|on\" admin_label=\"Map mobile Image\" module_class=\"map-mobile\" _builder_version=\"4.18.0\" _module_preset=\"default\" custom_margin=\"0px||0px||true|false\" global_colors_info=\"{}\"]<div class=\"map-image\">\r\n<p><img class=\"alignnone wp-image-1258 size-full\" src=\"https:\/\/miramare.cultura.gov.it\/wp-content\/uploads\/2022\/08\/img_05123.jpg\" alt=\"\" width=\"1014\" height=\"795\" usemap=\"#image-map-mob\"  \/><\/p>\r\n<map name=\"image-map-mob\">\r\n<area title=\"il castello\" alt=\"il castello\" coords=\"34,325,37,291,41,261,78,257,118,265,120,294,120,326,105,342,87,341,37,339\" shape=\"poly\" href=\"#map-content-1\" target=\"\" \/>\r\n<area title=\"il molo\" alt=\"il molo\" coords=\"212,205,215,172,219,137,255,135,294,141,295,173,295,207,295,225,265,226,213,223\" shape=\"poly\" href=\"#map-content-2\" target=\"\" \/>\r\n<area title=\"il castelletto\" alt=\"il castelletto\" coords=\"407,131,409,86,439,60,478,66,487,104,493,132,482,145,461,151,429,145\" shape=\"poly\" href=\"#map-content-3\" target=\"\" \/>\r\n<area title=\"le serre\" alt=\"le serre\" coords=\"514,244,520,216,523,204,521,187,542,174,560,170,588,175,600,185,598,215,608,233,605,254,568,266,524,295\" shape=\"poly\" href=\"#map-content-4\" target=\"\" \/>\r\n<area title=\"il parco\" alt=\"il parco\" coords=\"484,402,487,371,494,343,530,335,553,347,565,367,570,390,573,404,559,418,536,424,491,416\" shape=\"poly\" href=\"#map-content-5\" target=\"\" \/>\r\n<area title=\"le scuderie\" alt=\"le scuderie\" coords=\"787,669,787,639,810,604,850,603,867,642,865,659,875,671,855,687,837,689,795,679\" shape=\"poly\" href=\"#map-content-6\" target=\"\" \/><\/map>\r\n<\/div>[\/et_pb_text][\/et_pb_column][\/et_pb_row][\/et_pb_section][et_pb_section fb_built=\"1\" module_class=\"event-slider-section\" _builder_version=\"4.18.0\" _module_preset=\"default\" global_colors_info=\"{}\"][et_pb_row _builder_version=\"4.18.0\" _module_preset=\"default\" background_enable_image=\"off\" parallax=\"on\" custom_padding=\"0px||0px||true|false\" global_colors_info=\"{}\"][et_pb_column type=\"4_4\" _builder_version=\"4.17.6\" _module_preset=\"default\" global_colors_info=\"{}\"][et_pb_text admin_label=\"WHAT'S ON\" _builder_version=\"4.18.0\" _module_preset=\"default\" global_colors_info=\"{}\"]<h2 style=\"text-align: center;\">WHAT'S ON<\/h2>[\/et_pb_text][\/et_pb_column][\/et_pb_row][et_pb_row disabled_on=\"on|on|on\" _builder_version=\"4.18.0\" _module_preset=\"default\" disabled=\"on\" global_colors_info=\"{}\"][et_pb_column type=\"4_4\" _builder_version=\"4.18.0\" _module_preset=\"default\" global_colors_info=\"{}\"][et_pb_image src=\"https:\/\/miramare.cultura.gov.it\/wp-content\/uploads\/2022\/10\/20220715_MIRAMARE_locandinaA3_mostra-1.jpg\" title_text=\"20220715_MIRAMARE_locandinaA3_mostra-1\" url=\"\/events\/ars-botanica-giardini-di-carta\/\" _builder_version=\"4.18.0\" _module_preset=\"default\" animation_style=\"slide\" animation_direction=\"top\" animation_delay=\"100ms\" animation_intensity_slide=\"2%\" global_colors_info=\"{}\"][\/et_pb_image][\/et_pb_column][\/et_pb_row][et_pb_row module_class=\"event-slider-row\" _builder_version=\"4.18.0\" _module_preset=\"default\" custom_padding=\"0px||0px||true|false\" global_colors_info=\"{}\"][et_pb_column type=\"4_4\" _builder_version=\"4.18.0\" _module_preset=\"default\" global_colors_info=\"{}\"][et_pb_code disabled_on=\"off|off|off\" admin_label=\"Codice MOSTRE\" _builder_version=\"4.18.0\" _module_preset=\"default\" custom_margin=\"||||false|false\" global_colors_info=\"{}\"][list_category_based_event_slider categoryid=\"35\"][\/et_pb_code][et_pb_code module_class=\"event-btm-slider\" _builder_version=\"4.18.0\" _module_preset=\"default\" custom_margin=\"50px||||false|false\" global_colors_info=\"{}\"][list_category_based_event_slider categoryid=\"36\"][\/et_pb_code][et_pb_button button_url=\"\/whats-on\/eventi-in-evidenza\/\" button_text=\"EVENTI IN EVIDENZA\" button_alignment=\"center\" admin_label=\"pulsante EVENTI IN EVIDENZA\" module_class=\"page-btn btn-border\" _builder_version=\"4.18.0\" _module_preset=\"default\" custom_button=\"on\" button_border_width=\"1px\" button_border_color=\"#e04164\" global_colors_info=\"{}\"][\/et_pb_button][\/et_pb_column][\/et_pb_row][et_pb_row disabled_on=\"on|on|on\" _builder_version=\"4.18.0\" _module_preset=\"default\" custom_padding=\"0px||0px||true|false\" disabled=\"on\" global_colors_info=\"{}\"][et_pb_column type=\"4_4\" _builder_version=\"4.17.6\" _module_preset=\"default\" global_colors_info=\"{}\"][et_pb_text admin_label=\"TITOLO EVENTI\" _builder_version=\"4.18.0\" _module_preset=\"default\" global_colors_info=\"{}\"]<h2 style=\"text-align: center;\">EVENTI<\/h2>[\/et_pb_text][\/et_pb_column][\/et_pb_row][\/et_pb_section][et_pb_section fb_built=\"1\" admin_label=\"Section Animation\" module_id=\"animate-section\" _builder_version=\"4.17.6\" _module_preset=\"default\" background_enable_color=\"off\" background_enable_image=\"off\" background_position=\"top_left\" min_height=\"100vh\" min_height_tablet=\"50vh\" min_height_phone=\"50vh\" min_height_last_edited=\"on|tablet\" global_colors_info=\"{}\"][et_pb_row module_class=\"anim_content_row\" _builder_version=\"4.17.6\" _module_preset=\"default\" background_enable_image=\"off\" background_size=\"stretch\" background_position=\"top_left\" global_colors_info=\"{}\"][et_pb_column type=\"4_4\" _builder_version=\"4.17.6\" _module_preset=\"default\" global_colors_info=\"{}\"][et_pb_text admin_label=\"SCOPRI LE BELLEZZE NASCOSTE DEL NOSTRO PATRIMONIO\" _builder_version=\"4.18.0\" _module_preset=\"default\" global_colors_info=\"{}\"]<h2 style=\"text-align: center;\">SCOPRI LE BELLEZZE NASCOSTE\r\nDEL NOSTRO PATRIMONIO<\/h2>[\/et_pb_text][\/et_pb_column][\/et_pb_row][et_pb_row column_structure=\"1_2,1_2\" admin_label=\"Animation Row\" module_class=\"anim_row\" _builder_version=\"4.18.0\" _module_preset=\"default\" background_enable_image=\"off\" background_position=\"top_left\" global_colors_info=\"{}\"][et_pb_column type=\"1_2\" module_class=\"anim_img_bg_01\" _builder_version=\"4.18.0\" _module_preset=\"default\" background_image=\"https:\/\/miramare.cultura.gov.it\/wp-content\/uploads\/2022\/08\/bg_123.webp\" background_position=\"top_left\" custom_css_main_element=\"animation-duration: 5s !important;\" global_colors_info=\"{}\"][\/et_pb_column][et_pb_column type=\"1_2\" module_class=\"anim_img_bg_02\" _builder_version=\"4.18.0\" _module_preset=\"default\" background_image=\"https:\/\/miramare.cultura.gov.it\/wp-content\/uploads\/2022\/08\/bg_0123.webp\" background_size=\"stretch\" global_colors_info=\"{}\"][\/et_pb_column][\/et_pb_row][\/et_pb_section][et_pb_section fb_built=\"1\" module_class=\"img_box_section\" _builder_version=\"4.17.6\" _module_preset=\"default\" global_colors_info=\"{}\"][et_pb_row column_structure=\"1_2,1_2\" use_custom_gutter=\"on\" _builder_version=\"4.17.6\" _module_preset=\"default\" global_colors_info=\"{}\"][et_pb_column type=\"1_2\" _builder_version=\"4.17.6\" _module_preset=\"default\" global_colors_info=\"{}\"][et_pb_blurb title=\"SERVIZI EDUCATIVI\" image=\"https:\/\/miramare.cultura.gov.it\/wp-content\/uploads\/2022\/08\/img_12.jpg\" admin_label=\"SERVIZI EDUCATIVI\" _builder_version=\"4.18.0\" _module_preset=\"default\" animation=\"off\" link_option_url=\"\/attivita-educative\/\" global_colors_info=\"{}\"][\/et_pb_blurb][\/et_pb_column][et_pb_column type=\"1_2\" _builder_version=\"4.17.6\" _module_preset=\"default\" global_colors_info=\"{}\"][et_pb_blurb title=\"MIRACARD\" image=\"https:\/\/miramare.cultura.gov.it\/wp-content\/uploads\/2022\/08\/img_13.jpg\" admin_label=\"Miracard\" _builder_version=\"4.18.0\" _module_preset=\"default\" animation=\"off\" link_option_url=\"\/miracard\/\" global_colors_info=\"{}\"][\/et_pb_blurb][\/et_pb_column][\/et_pb_row][et_pb_row column_structure=\"1_2,1_2\" use_custom_gutter=\"on\" module_class=\"img_box-row\" _builder_version=\"4.17.6\" _module_preset=\"default\" global_colors_info=\"{}\"][et_pb_column type=\"1_2\" _builder_version=\"4.17.6\" _module_preset=\"default\" global_colors_info=\"{}\"][et_pb_blurb title=\"MIRAKIDS\" image=\"https:\/\/miramare.cultura.gov.it\/wp-content\/uploads\/2022\/08\/img_14.jpg\" admin_label=\"Mirakids\" _builder_version=\"4.18.0\" _module_preset=\"default\" animation=\"off\" link_option_url=\"\/attivita-educative#mirakids\" global_colors_info=\"{}\"][\/et_pb_blurb][\/et_pb_column][et_pb_column type=\"1_2\" _builder_version=\"4.17.6\" _module_preset=\"default\" global_colors_info=\"{}\"][et_pb_blurb title=\"OPERA DEL MESE\" url=\"\/collezioni\/\" image=\"https:\/\/miramare.cultura.gov.it\/wp-content\/uploads\/2022\/08\/img_15.jpg\" admin_label=\"opera del mese\" _builder_version=\"4.18.0\" _module_preset=\"default\" animation=\"off\" link_option_url=\"\/collezioni\/\" global_colors_info=\"{}\"][\/et_pb_blurb][\/et_pb_column][\/et_pb_row][\/et_pb_section][et_pb_section fb_built=\"1\" _builder_version=\"4.17.6\" _module_preset=\"default\" global_colors_info=\"{}\"][et_pb_row _builder_version=\"4.17.6\" _module_preset=\"default\" custom_padding=\"0px||0px||true|false\" global_colors_info=\"{}\"][et_pb_column type=\"4_4\" _builder_version=\"4.17.6\" _module_preset=\"default\" global_colors_info=\"{}\"][et_pb_text _builder_version=\"4.17.6\" _module_preset=\"default\" global_colors_info=\"{}\"]<h2 style=\"text-align: center;\">MIRAMARE nEWS<\/h2>[\/et_pb_text][et_pb_code disabled_on=\"on|on|on\" _builder_version=\"4.18.0\" _module_preset=\"default\" disabled=\"on\" global_colors_info=\"{}\"][list_home_post][\/et_pb_code][et_pb_blog fullwidth=\"off\" posts_number=\"3\" include_categories=\"34\" meta_date=\"d.m.Y\" show_author=\"off\" show_categories=\"off\" show_excerpt=\"off\" show_pagination=\"off\" _builder_version=\"4.18.0\" _module_preset=\"default\" global_colors_info=\"{}\"][\/et_pb_blog][et_pb_button button_url=\"\/news\/\" button_text=\"TUTTE LE NEWS\" button_alignment=\"right\" button_alignment_tablet=\"center\" button_alignment_phone=\"center\" button_alignment_last_edited=\"on|phone\" module_class=\"page-btn\" _builder_version=\"4.18.0\" _module_preset=\"default\" locked=\"off\" global_colors_info=\"{}\"][\/et_pb_button][\/et_pb_column][\/et_pb_row][\/et_pb_section]","_et_gb_content_width":"","footnotes":""},"class_list":["post-12478","page","type-page","status-publish","hentry"],"yoast_head":"<!-- This site is optimized with the Yoast SEO plugin v27.4 - https:\/\/yoast.com\/product\/yoast-seo-wordpress\/ -->\n<title>Museo Storico e Il Parco del Castello di Miramare<\/title>\n<meta name=\"description\" content=\"Museo Storico e il Parco del Castello di Miramare (Trieste): un luogo nobile e romantico tra arte, natura e bellezza.\" \/>\n<meta name=\"robots\" content=\"index, follow, max-snippet:-1, max-image-preview:large, max-video-preview:-1\" \/>\n<link rel=\"canonical\" href=\"https:\/\/miramare.cultura.gov.it\/en\/\" \/>\n<meta property=\"og:locale\" content=\"en_US\" \/>\n<meta property=\"og:type\" content=\"article\" \/>\n<meta property=\"og:title\" content=\"Museo Storico e Il Parco del Castello di Miramare\" \/>\n<meta property=\"og:description\" content=\"Museo Storico e il Parco del Castello di Miramare (Trieste): un luogo nobile e romantico tra arte, natura e bellezza.\" \/>\n<meta property=\"og:url\" content=\"https:\/\/miramare.cultura.gov.it\/en\/\" \/>\n<meta property=\"og:site_name\" content=\"Museo Storico e Il Parco del Castello di Miramare\" \/>\n<meta property=\"article:modified_time\" content=\"2023-12-23T21:03:04+00:00\" \/>\n<meta property=\"og:image\" content=\"https:\/\/miramare.cultura.gov.it\/wp-content\/uploads\/2022\/09\/mappa-museo-storico-parco-e-castello-miramare.jpg\" \/>\n<meta name=\"twitter:card\" content=\"summary_large_image\" \/>\n<meta name=\"twitter:label1\" content=\"Est. reading time\" \/>\n\t<meta name=\"twitter:data1\" content=\"5 minutes\" \/>\n<script type=\"application\/ld+json\" class=\"yoast-schema-graph\">{\"@context\":\"https:\\\/\\\/schema.org\",\"@graph\":[{\"@type\":\"WebPage\",\"@id\":\"https:\\\/\\\/miramare.cultura.gov.it\\\/en\\\/\",\"url\":\"https:\\\/\\\/miramare.cultura.gov.it\\\/en\\\/\",\"name\":\"Museo Storico e Il Parco del Castello di Miramare\",\"isPartOf\":{\"@id\":\"https:\\\/\\\/miramare.cultura.gov.it\\\/#website\"},\"primaryImageOfPage\":{\"@id\":\"https:\\\/\\\/miramare.cultura.gov.it\\\/en\\\/#primaryimage\"},\"image\":{\"@id\":\"https:\\\/\\\/miramare.cultura.gov.it\\\/en\\\/#primaryimage\"},\"thumbnailUrl\":\"https:\\\/\\\/miramare.cultura.gov.it\\\/wp-content\\\/uploads\\\/2022\\\/09\\\/mappa-museo-storico-parco-e-castello-miramare.jpg\",\"datePublished\":\"2022-08-03T07:04:22+00:00\",\"dateModified\":\"2023-12-23T21:03:04+00:00\",\"description\":\"Museo Storico e il Parco del Castello di Miramare (Trieste): un luogo nobile e romantico tra arte, natura e bellezza.\",\"breadcrumb\":{\"@id\":\"https:\\\/\\\/miramare.cultura.gov.it\\\/en\\\/#breadcrumb\"},\"inLanguage\":\"en-US\",\"potentialAction\":[{\"@type\":\"ReadAction\",\"target\":[\"https:\\\/\\\/miramare.cultura.gov.it\\\/en\\\/\"]}]},{\"@type\":\"ImageObject\",\"inLanguage\":\"en-US\",\"@id\":\"https:\\\/\\\/miramare.cultura.gov.it\\\/en\\\/#primaryimage\",\"url\":\"https:\\\/\\\/miramare.cultura.gov.it\\\/wp-content\\\/uploads\\\/2022\\\/09\\\/mappa-museo-storico-parco-e-castello-miramare.jpg\",\"contentUrl\":\"https:\\\/\\\/miramare.cultura.gov.it\\\/wp-content\\\/uploads\\\/2022\\\/09\\\/mappa-museo-storico-parco-e-castello-miramare.jpg\"},{\"@type\":\"BreadcrumbList\",\"@id\":\"https:\\\/\\\/miramare.cultura.gov.it\\\/en\\\/#breadcrumb\",\"itemListElement\":[{\"@type\":\"ListItem\",\"position\":1,\"name\":\"Home\",\"item\":\"https:\\\/\\\/miramare.cultura.gov.it\\\/en\\\/\"},{\"@type\":\"ListItem\",\"position\":2,\"name\":\"Home\"}]},{\"@type\":\"WebSite\",\"@id\":\"https:\\\/\\\/miramare.cultura.gov.it\\\/#website\",\"url\":\"https:\\\/\\\/miramare.cultura.gov.it\\\/\",\"name\":\"Museo Storico e Il Parco del Castello di Miramare\",\"description\":\"Un luogo nobile e romatico tra arte, natura e bellezza.\",\"potentialAction\":[{\"@type\":\"SearchAction\",\"target\":{\"@type\":\"EntryPoint\",\"urlTemplate\":\"https:\\\/\\\/miramare.cultura.gov.it\\\/?s={search_term_string}\"},\"query-input\":{\"@type\":\"PropertyValueSpecification\",\"valueRequired\":true,\"valueName\":\"search_term_string\"}}],\"inLanguage\":\"en-US\"}]}<\/script>\n<!-- \/ Yoast SEO plugin. -->","yoast_head_json":{"title":"Museo Storico e Il Parco del Castello di Miramare","description":"Museo Storico e il Parco del Castello di Miramare (Trieste): un luogo nobile e romantico tra arte, natura e bellezza.","robots":{"index":"index","follow":"follow","max-snippet":"max-snippet:-1","max-image-preview":"max-image-preview:large","max-video-preview":"max-video-preview:-1"},"canonical":"https:\/\/miramare.cultura.gov.it\/en\/","og_locale":"en_US","og_type":"article","og_title":"Museo Storico e Il Parco del Castello di Miramare","og_description":"Museo Storico e il Parco del Castello di Miramare (Trieste): un luogo nobile e romantico tra arte, natura e bellezza.","og_url":"https:\/\/miramare.cultura.gov.it\/en\/","og_site_name":"Museo Storico e Il Parco del Castello di Miramare","article_modified_time":"2023-12-23T21:03:04+00:00","og_image":[{"url":"https:\/\/miramare.cultura.gov.it\/wp-content\/uploads\/2022\/09\/mappa-museo-storico-parco-e-castello-miramare.jpg","type":"","width":"","height":""}],"twitter_card":"summary_large_image","twitter_misc":{"Est. reading time":"5 minutes"},"schema":{"@context":"https:\/\/schema.org","@graph":[{"@type":"WebPage","@id":"https:\/\/miramare.cultura.gov.it\/en\/","url":"https:\/\/miramare.cultura.gov.it\/en\/","name":"Museo Storico e Il Parco del Castello di Miramare","isPartOf":{"@id":"https:\/\/miramare.cultura.gov.it\/#website"},"primaryImageOfPage":{"@id":"https:\/\/miramare.cultura.gov.it\/en\/#primaryimage"},"image":{"@id":"https:\/\/miramare.cultura.gov.it\/en\/#primaryimage"},"thumbnailUrl":"https:\/\/miramare.cultura.gov.it\/wp-content\/uploads\/2022\/09\/mappa-museo-storico-parco-e-castello-miramare.jpg","datePublished":"2022-08-03T07:04:22+00:00","dateModified":"2023-12-23T21:03:04+00:00","description":"Museo Storico e il Parco del Castello di Miramare (Trieste): un luogo nobile e romantico tra arte, natura e bellezza.","breadcrumb":{"@id":"https:\/\/miramare.cultura.gov.it\/en\/#breadcrumb"},"inLanguage":"en-US","potentialAction":[{"@type":"ReadAction","target":["https:\/\/miramare.cultura.gov.it\/en\/"]}]},{"@type":"ImageObject","inLanguage":"en-US","@id":"https:\/\/miramare.cultura.gov.it\/en\/#primaryimage","url":"https:\/\/miramare.cultura.gov.it\/wp-content\/uploads\/2022\/09\/mappa-museo-storico-parco-e-castello-miramare.jpg","contentUrl":"https:\/\/miramare.cultura.gov.it\/wp-content\/uploads\/2022\/09\/mappa-museo-storico-parco-e-castello-miramare.jpg"},{"@type":"BreadcrumbList","@id":"https:\/\/miramare.cultura.gov.it\/en\/#breadcrumb","itemListElement":[{"@type":"ListItem","position":1,"name":"Home","item":"https:\/\/miramare.cultura.gov.it\/en\/"},{"@type":"ListItem","position":2,"name":"Home"}]},{"@type":"WebSite","@id":"https:\/\/miramare.cultura.gov.it\/#website","url":"https:\/\/miramare.cultura.gov.it\/","name":"Museo Storico e Il Parco del Castello di Miramare","description":"Un luogo nobile e romatico tra arte, natura e bellezza.","potentialAction":[{"@type":"SearchAction","target":{"@type":"EntryPoint","urlTemplate":"https:\/\/miramare.cultura.gov.it\/?s={search_term_string}"},"query-input":{"@type":"PropertyValueSpecification","valueRequired":true,"valueName":"search_term_string"}}],"inLanguage":"en-US"}]}},"_links":{"self":[{"href":"https:\/\/miramare.cultura.gov.it\/en\/wp-json\/wp\/v2\/pages\/12478","targetHints":{"allow":["GET"]}}],"collection":[{"href":"https:\/\/miramare.cultura.gov.it\/en\/wp-json\/wp\/v2\/pages"}],"about":[{"href":"https:\/\/miramare.cultura.gov.it\/en\/wp-json\/wp\/v2\/types\/page"}],"author":[{"embeddable":true,"href":"https:\/\/miramare.cultura.gov.it\/en\/wp-json\/wp\/v2\/users\/1"}],"replies":[{"embeddable":true,"href":"https:\/\/miramare.cultura.gov.it\/en\/wp-json\/wp\/v2\/comments?post=12478"}],"version-history":[{"count":30,"href":"https:\/\/miramare.cultura.gov.it\/en\/wp-json\/wp\/v2\/pages\/12478\/revisions"}],"predecessor-version":[{"id":18419,"href":"https:\/\/miramare.cultura.gov.it\/en\/wp-json\/wp\/v2\/pages\/12478\/revisions\/18419"}],"wp:attachment":[{"href":"https:\/\/miramare.cultura.gov.it\/en\/wp-json\/wp\/v2\/media?parent=12478"}],"curies":[{"name":"wp","href":"https:\/\/api.w.org\/{rel}","templated":true}]}}